{"id":558,"date":"2025-12-01T22:43:49","date_gmt":"2025-12-01T21:43:49","guid":{"rendered":"https:\/\/tournez-court.fr\/?page_id=558"},"modified":"2026-01-26T20:33:15","modified_gmt":"2026-01-26T19:33:15","slug":"projections-2025","status":"publish","type":"page","link":"https:\/\/tournez-court.fr\/index.php\/projections-2025\/","title":{"rendered":"Projections 2025"},"content":{"rendered":"\n<h1 class=\"wp-block-heading has-text-align-center\">Le programme de l&rsquo;\u00e9dition 2025<\/h1>\n\n\n\n<div class=\"wp-block-columns is-layout-flex wp-container-core-columns-is-layout-28f84493 wp-block-columns-is-layout-flex\">\n<div class=\"wp-block-column is-layout-flow wp-block-column-is-layout-flow\">\n<p>Projections d&rsquo;une s\u00e9lection de film dans les EHPAD Sainte Marie et le Havre du payr\u00e9.<\/p>\n<\/div>\n\n\n\n<div class=\"wp-block-column is-layout-flow wp-block-column-is-layout-flow\" style=\"flex-basis:20%\"><\/div>\n\n\n\n<div class=\"wp-block-column is-layout-flow wp-block-column-is-layout-flow\">\n<p>Du vendredi au samedi soir, des projections des films en comp\u00e9tition et une projections s\u00e9lection jeunesse sur le th\u00e8me des oiseaux.<\/p>\n<\/div>\n<\/div>\n\n\n\n<h1 class=\"wp-block-heading has-text-align-center\">Les projections de 2025<\/h1>\n\n\n\n<div style=\"height:30px\" aria-hidden=\"true\" class=\"wp-block-spacer\"><\/div>\n\n\n\n<h2 class=\"wp-block-heading has-text-align-center\"><mark style=\"background-color:rgba(0, 0, 0, 0)\" class=\"has-inline-color has-theme-palette-9-color\">Les films en comp\u00e9titions<\/mark><\/h2>\n\n\n\n<h4 class=\"wp-block-heading has-text-align-center has-theme-palette-9-color has-text-color has-link-color wp-elements-5027a0a2bd5ce016f0f0fcb4c25e5b19\">th\u00e8me libre<\/h4>\n\n\n\n<hr class=\"wp-block-separator has-alpha-channel-opacity is-style-wide\"\/>\n\n\n\n<div style=\"height:30px\" aria-hidden=\"true\" class=\"wp-block-spacer\"><\/div>\n\n\n\n<div class=\"wp-block-media-text is-stacked-on-mobile\"><figure class=\"wp-block-media-text__media\"><img fetchpriority=\"high\" decoding=\"async\" width=\"1024\" height=\"554\" src=\"https:\/\/tournez-court.fr\/wp-content\/uploads\/2025\/12\/volcelest.jpg\" alt=\"\" class=\"wp-image-573 size-full\" srcset=\"https:\/\/tournez-court.fr\/wp-content\/uploads\/2025\/12\/volcelest.jpg 1024w, https:\/\/tournez-court.fr\/wp-content\/uploads\/2025\/12\/volcelest-300x162.jpg 300w, https:\/\/tournez-court.fr\/wp-content\/uploads\/2025\/12\/volcelest-768x416.jpg 768w\" sizes=\"(max-width: 1024px) 100vw, 1024px\" \/><\/figure><div class=\"wp-block-media-text__content\">\n<div class=\"wp-block-buttons is-layout-flex wp-block-buttons-is-layout-flex\">\n<div class=\"wp-block-button\"><a class=\"wp-block-button__link has-theme-palette-13-background-color has-background wp-element-button\">Prix du jury 2025<\/a><\/div>\n<\/div>\n\n\n\n<h6 class=\"wp-block-heading\">Volcelest <\/h6>\n\n\n\n<p>de \u00c9ric Briche<br>Produit par Miyu Productions<br>Ann\u00e9e de production : 2023<\/p>\n\n\n\n<div class=\"wp-block-group is-nowrap is-layout-flex wp-container-core-group-is-layout-6c531013 wp-block-group-is-layout-flex\">\n<div class=\"wp-block-group is-nowrap is-layout-flex wp-container-core-group-is-layout-6c531013 wp-block-group-is-layout-flex\">\n<p>L&rsquo;hiver est l\u00e0. Pour survivre, Fuseline, la petite hermine, contrainte par le manque de nourriture, fuit son milieu sauvage et va s\u2019installer pr\u00e8s d\u2019une ferme isol\u00e9e et ses poules. Son arriv\u00e9e va menacer la pr\u00e9carit\u00e9 de l\u2019homme qui vit l\u00e0.<\/p>\n<\/div>\n<\/div>\n<\/div><\/div>\n\n\n\n<div class=\"wp-block-media-text is-stacked-on-mobile\"><figure class=\"wp-block-media-text__media\"><img decoding=\"async\" width=\"1024\" height=\"506\" src=\"https:\/\/tournez-court.fr\/wp-content\/uploads\/2025\/09\/competition_2025_erratum-1024x506.jpg\" alt=\"\" class=\"wp-image-371 size-full\" srcset=\"https:\/\/tournez-court.fr\/wp-content\/uploads\/2025\/09\/competition_2025_erratum-1024x506.jpg 1024w, https:\/\/tournez-court.fr\/wp-content\/uploads\/2025\/09\/competition_2025_erratum-300x148.jpg 300w, https:\/\/tournez-court.fr\/wp-content\/uploads\/2025\/09\/competition_2025_erratum-768x379.jpg 768w, https:\/\/tournez-court.fr\/wp-content\/uploads\/2025\/09\/competition_2025_erratum-1536x758.jpg 1536w, https:\/\/tournez-court.fr\/wp-content\/uploads\/2025\/09\/competition_2025_erratum-2048x1011.jpg 2048w\" sizes=\"(max-width: 1024px) 100vw, 1024px\" \/><\/figure><div class=\"wp-block-media-text__content\">\n<div class=\"wp-block-buttons is-layout-flex wp-block-buttons-is-layout-flex\">\n<div class=\"wp-block-button\"><a class=\"wp-block-button__link has-theme-palette-13-background-color has-background wp-element-button\">Prix du public 2025<\/a><\/div>\n<\/div>\n\n\n\n<h6 class=\"wp-block-heading\">Erratum<\/h6>\n\n\n\n<p><strong>de Giulio Callegari<br>2021<\/strong><\/p>\n\n\n\n<p>Florence, enseignante chercheuse, d\u00e9couvre incr\u00e9dule une inscription anachronique en fran\u00e7ais moderne sur la fresque gallo-romaine qu\u2019elle vient d\u2019exhumer. Lorsqu\u2019elle r\u00e9alise que cette inscription date bien de l\u2019antiquit\u00e9, sa rationalit\u00e9 est mise \u00e0 rude \u00e9preuve.<\/p>\n<\/div><\/div>\n\n\n\n<div class=\"wp-block-media-text is-stacked-on-mobile\"><figure class=\"wp-block-media-text__media\"><img decoding=\"async\" width=\"1024\" height=\"570\" src=\"https:\/\/tournez-court.fr\/wp-content\/uploads\/2025\/09\/competition_2025_1Q89-1024x570.jpg\" alt=\"\" class=\"wp-image-369 size-full\" srcset=\"https:\/\/tournez-court.fr\/wp-content\/uploads\/2025\/09\/competition_2025_1Q89-1024x570.jpg 1024w, https:\/\/tournez-court.fr\/wp-content\/uploads\/2025\/09\/competition_2025_1Q89-300x167.jpg 300w, https:\/\/tournez-court.fr\/wp-content\/uploads\/2025\/09\/competition_2025_1Q89-768x428.jpg 768w, https:\/\/tournez-court.fr\/wp-content\/uploads\/2025\/09\/competition_2025_1Q89-1536x856.jpg 1536w, https:\/\/tournez-court.fr\/wp-content\/uploads\/2025\/09\/competition_2025_1Q89-2048x1141.jpg 2048w\" sizes=\"(max-width: 1024px) 100vw, 1024px\" \/><\/figure><div class=\"wp-block-media-text__content\">\n<div class=\"wp-block-buttons is-layout-flex wp-block-buttons-is-layout-flex\">\n<div class=\"wp-block-button\"><a class=\"wp-block-button__link has-theme-palette-13-background-color has-background wp-element-button\">Prix sp\u00e9cial du jury 2025<\/a><\/div>\n<\/div>\n\n\n\n<h6 class=\"wp-block-heading\">1Q89<\/h6>\n\n\n\n<p><br><strong>R\u00e9alisateur : Mihai Grecu autoproduction \u2013 2025<\/strong><\/p>\n\n\n\n<p>Pyongyang, hiver 1989. Kim Jong-il, observant la chute du dictateur roumain Nicolae Ceau\u0219escu sur sa t\u00e9l\u00e9vision par satellite, est boulevers\u00e9 par l\u2019effondrement en direct d\u2019un autre autocrate. Ce choc silencieux a marqu\u00e9 un tournant qui a remodel\u00e9 les strat\u00e9gies, les fronti\u00e8res et les id\u00e9ologies.<\/p>\n<\/div><\/div>\n\n\n\n<div class=\"wp-block-media-text is-stacked-on-mobile\"><figure class=\"wp-block-media-text__media\"><img loading=\"lazy\" decoding=\"async\" width=\"1024\" height=\"428\" src=\"https:\/\/tournez-court.fr\/wp-content\/uploads\/2025\/12\/dernier-acte-1024x428.jpg\" alt=\"\" class=\"wp-image-565 size-full\" srcset=\"https:\/\/tournez-court.fr\/wp-content\/uploads\/2025\/12\/dernier-acte-1024x428.jpg 1024w, https:\/\/tournez-court.fr\/wp-content\/uploads\/2025\/12\/dernier-acte-300x125.jpg 300w, https:\/\/tournez-court.fr\/wp-content\/uploads\/2025\/12\/dernier-acte-768x321.jpg 768w, https:\/\/tournez-court.fr\/wp-content\/uploads\/2025\/12\/dernier-acte-1536x642.jpg 1536w, https:\/\/tournez-court.fr\/wp-content\/uploads\/2025\/12\/dernier-acte.jpg 1920w\" sizes=\"(max-width: 1024px) 100vw, 1024px\" \/><\/figure><div class=\"wp-block-media-text__content\">\n<h6 class=\"wp-block-heading\">Dernier acte<\/h6>\n\n\n\n<p><br>Film de fin d&rsquo;\u00e9tudes en animation 3D &#8211; ENSI<\/p>\n\n\n\n<p><strong>Ecrit par Yohan Gantelet, Lucie Krencker, Clara Obeidi et r\u00e9alis\u00e9 par Miguel Amendola-Borrallo, Clara Obeidi, Yohan Gantelet, Lucie Krencker, Geoffrey Rakotoarisoa, Antonin G\u00e9ral-Ari\u00e8s, 20198 minutes<\/strong><\/p>\n\n\n\n<p>La chasse au gu\u00e9pard est ouverte. Andr\u00e9 et Philip, deux larons qui n&rsquo;ont pas froid aux yeux, mettent au point la technique de chasse ultime : s&rsquo;infiltrer sur le territoire du f\u00e9lin d\u00e9guis\u00e9s en animaux.<\/p>\n<\/div><\/div>\n\n\n\n<div class=\"wp-block-media-text is-stacked-on-mobile\"><figure class=\"wp-block-media-text__media\"><img loading=\"lazy\" decoding=\"async\" width=\"1024\" height=\"534\" src=\"https:\/\/tournez-court.fr\/wp-content\/uploads\/2025\/09\/competition_2025_en_cordee-1024x534.jpg\" alt=\"\" class=\"wp-image-370 size-full\" srcset=\"https:\/\/tournez-court.fr\/wp-content\/uploads\/2025\/09\/competition_2025_en_cordee-1024x534.jpg 1024w, https:\/\/tournez-court.fr\/wp-content\/uploads\/2025\/09\/competition_2025_en_cordee-300x156.jpg 300w, https:\/\/tournez-court.fr\/wp-content\/uploads\/2025\/09\/competition_2025_en_cordee-768x400.jpg 768w, https:\/\/tournez-court.fr\/wp-content\/uploads\/2025\/09\/competition_2025_en_cordee-1536x800.jpg 1536w, https:\/\/tournez-court.fr\/wp-content\/uploads\/2025\/09\/competition_2025_en_cordee-2048x1067.jpg 2048w\" sizes=\"(max-width: 1024px) 100vw, 1024px\" \/><\/figure><div class=\"wp-block-media-text__content\">\n<h6 class=\"wp-block-heading\">En cord\u00e9e<\/h6>\n\n\n\n<p><strong>R\u00e9alisateur : Matthieu Vigneau<br>autoproduction \u2013 2016<\/strong><\/p>\n\n\n\n<p>Lors d\u2019une randonn\u00e9e, Etienne d\u00e9couvre un homme ligot\u00e9 \u00e0 un tronc d\u2019arbre. Il refuse alors de le d\u00e9tacher avant de conna\u00eetre la raison de sa situation.<\/p>\n<\/div><\/div>\n\n\n\n<div class=\"wp-block-media-text is-stacked-on-mobile\"><figure class=\"wp-block-media-text__media\"><img loading=\"lazy\" decoding=\"async\" width=\"1024\" height=\"429\" src=\"https:\/\/tournez-court.fr\/wp-content\/uploads\/2025\/09\/03-001042-1024x429.jpg\" alt=\"\" class=\"wp-image-335 size-full\" srcset=\"https:\/\/tournez-court.fr\/wp-content\/uploads\/2025\/09\/03-001042-1024x429.jpg 1024w, https:\/\/tournez-court.fr\/wp-content\/uploads\/2025\/09\/03-001042-300x126.jpg 300w, https:\/\/tournez-court.fr\/wp-content\/uploads\/2025\/09\/03-001042-768x322.jpg 768w, https:\/\/tournez-court.fr\/wp-content\/uploads\/2025\/09\/03-001042-1536x644.jpg 1536w, https:\/\/tournez-court.fr\/wp-content\/uploads\/2025\/09\/03-001042-2048x858.jpg 2048w\" sizes=\"(max-width: 1024px) 100vw, 1024px\" \/><\/figure><div class=\"wp-block-media-text__content\">\n<h6 class=\"wp-block-heading\">Sortie de route<\/h6>\n\n\n\n<p><strong>R\u00e9alisateur : Alice BENEUX, Victoria DEMONIN, Laura LEBAILLIF, Zohra LECOINTRE, Camille MANIFFATORE, Nathan MATHIEU, No\u00e9mie THIALLIER<\/strong><\/p>\n\n\n\n<p><strong>Production : Ecole des Nouvelles Images<\/strong><\/p>\n\n\n\n<p>Une jeune femme enceinte et son chien d\u00e9m\u00e9nagent en voiture. Alors qu\u2019ils roulent tranquillement vers leur nouvelle maison, un probl\u00e8me survient et oblige la jeune femme \u00e0 s\u2019enfoncer dans la for\u00eat qui borde la route.<\/p>\n<\/div><\/div>\n\n\n\n<div class=\"wp-block-media-text is-stacked-on-mobile\"><figure class=\"wp-block-media-text__media\"><img loading=\"lazy\" decoding=\"async\" width=\"1024\" height=\"575\" src=\"https:\/\/tournez-court.fr\/wp-content\/uploads\/2025\/09\/competition_2025_jecroisentendreencore-1024x575.jpg\" alt=\"\" class=\"wp-image-372 size-full\" srcset=\"https:\/\/tournez-court.fr\/wp-content\/uploads\/2025\/09\/competition_2025_jecroisentendreencore-1024x575.jpg 1024w, https:\/\/tournez-court.fr\/wp-content\/uploads\/2025\/09\/competition_2025_jecroisentendreencore-300x169.jpg 300w, https:\/\/tournez-court.fr\/wp-content\/uploads\/2025\/09\/competition_2025_jecroisentendreencore-768x431.jpg 768w, https:\/\/tournez-court.fr\/wp-content\/uploads\/2025\/09\/competition_2025_jecroisentendreencore-1536x863.jpg 1536w, https:\/\/tournez-court.fr\/wp-content\/uploads\/2025\/09\/competition_2025_jecroisentendreencore-2048x1150.jpg 2048w\" sizes=\"(max-width: 1024px) 100vw, 1024px\" \/><\/figure><div class=\"wp-block-media-text__content\">\n<h6 class=\"wp-block-heading\">Je crois entendre encore<\/h6>\n\n\n\n<p><strong>de Constance Bonnot<br>2025<\/strong><\/p>\n\n\n\n<p>Alors qu\u2019un homme, rong\u00e9 par la maladie, vit ses derniers instants, Ada, sa fille de 14 ans, est envoy\u00e9e \u00e0 Saint Michel Chef Chef, une station baln\u00e9aire de l\u2019Ouest de la France. Sur la plage, elle se fait piquer par une gu\u00eape\u2026<\/p>\n<\/div><\/div>\n\n\n\n<div class=\"wp-block-media-text is-stacked-on-mobile\"><figure class=\"wp-block-media-text__media\"><img loading=\"lazy\" decoding=\"async\" width=\"1024\" height=\"429\" src=\"https:\/\/tournez-court.fr\/wp-content\/uploads\/2025\/12\/littledoctor-1024x429.jpg\" alt=\"\" class=\"wp-image-570 size-full\" srcset=\"https:\/\/tournez-court.fr\/wp-content\/uploads\/2025\/12\/littledoctor-1024x429.jpg 1024w, https:\/\/tournez-court.fr\/wp-content\/uploads\/2025\/12\/littledoctor-300x126.jpg 300w, https:\/\/tournez-court.fr\/wp-content\/uploads\/2025\/12\/littledoctor-768x322.jpg 768w, https:\/\/tournez-court.fr\/wp-content\/uploads\/2025\/12\/littledoctor-1536x643.jpg 1536w, https:\/\/tournez-court.fr\/wp-content\/uploads\/2025\/12\/littledoctor.jpg 1920w\" sizes=\"(max-width: 1024px) 100vw, 1024px\" \/><\/figure><div class=\"wp-block-media-text__content\">\n<h6 class=\"wp-block-heading\">Little doctor<\/h6>\n\n\n\n<p><strong>Film de fin d&rsquo;\u00e9tudes en animation 3D &#8211; ENSI<\/strong><\/p>\n\n\n\n<p><strong>R\u00e9alis\u00e9 par Fanny Brondel, Kelvin Schejbal, Olivia Spadaro, Julie Gournier, Andrei Toroplean, Anyu Rouaux<\/strong><\/p>\n\n\n\n<p>Un \u00e9cureuil et un corbeau s\u2019affrontent pour les plantes de la for\u00eat : le premier les gu\u00e9rit, le second tue celles qui auraient d\u00fb mourir.<\/p>\n<\/div><\/div>\n\n\n\n<div class=\"wp-block-media-text is-stacked-on-mobile\"><figure class=\"wp-block-media-text__media\"><img loading=\"lazy\" decoding=\"async\" width=\"1024\" height=\"765\" src=\"https:\/\/tournez-court.fr\/wp-content\/uploads\/2025\/09\/competition_2025_monptitpapa-1024x765.jpg\" alt=\"\" class=\"wp-image-373 size-full\" srcset=\"https:\/\/tournez-court.fr\/wp-content\/uploads\/2025\/09\/competition_2025_monptitpapa-1024x765.jpg 1024w, https:\/\/tournez-court.fr\/wp-content\/uploads\/2025\/09\/competition_2025_monptitpapa-300x224.jpg 300w, https:\/\/tournez-court.fr\/wp-content\/uploads\/2025\/09\/competition_2025_monptitpapa-768x574.jpg 768w, https:\/\/tournez-court.fr\/wp-content\/uploads\/2025\/09\/competition_2025_monptitpapa-1536x1148.jpg 1536w, https:\/\/tournez-court.fr\/wp-content\/uploads\/2025\/09\/competition_2025_monptitpapa-2048x1530.jpg 2048w\" sizes=\"(max-width: 1024px) 100vw, 1024px\" \/><\/figure><div class=\"wp-block-media-text__content\">\n<h6 class=\"wp-block-heading\">Mon ptit papa<\/h6>\n\n\n\n<p><strong>de Mahaut Adam<\/strong><\/p>\n\n\n\n<p><strong>2022<\/strong><\/p>\n\n\n\n<p>La main dans le sac ! Quand son petit copain la surprend en plein rencard avec un homme de 50 ans, Mira ne voit qu\u2019une seule solution, le faire passer pour son p\u00e8re.<\/p>\n<\/div><\/div>\n\n\n\n<div class=\"wp-block-media-text is-stacked-on-mobile\"><figure class=\"wp-block-media-text__media\"><img loading=\"lazy\" decoding=\"async\" width=\"1024\" height=\"429\" src=\"https:\/\/tournez-court.fr\/wp-content\/uploads\/2025\/09\/02-001735_REF-1024x429.jpg\" alt=\"\" class=\"wp-image-336 size-full\" srcset=\"https:\/\/tournez-court.fr\/wp-content\/uploads\/2025\/09\/02-001735_REF-1024x429.jpg 1024w, https:\/\/tournez-court.fr\/wp-content\/uploads\/2025\/09\/02-001735_REF-300x126.jpg 300w, https:\/\/tournez-court.fr\/wp-content\/uploads\/2025\/09\/02-001735_REF-768x322.jpg 768w, https:\/\/tournez-court.fr\/wp-content\/uploads\/2025\/09\/02-001735_REF-1536x644.jpg 1536w, https:\/\/tournez-court.fr\/wp-content\/uploads\/2025\/09\/02-001735_REF-2048x858.jpg 2048w\" sizes=\"(max-width: 1024px) 100vw, 1024px\" \/><\/figure><div class=\"wp-block-media-text__content\">\n<h6 class=\"wp-block-heading\">YACHT<\/h6>\n\n\n\n<p><strong>R\u00e9alisateur : Pablo ANASSE, Loane BAUMER, Marine BOUVIER, Marie MALAVAL, Maxence MOUTTOU, Florence SUSANNA<\/strong><\/p>\n\n\n\n<p><strong>Production : Ecole des Nouvelles Images<\/strong><\/p>\n\n\n\n<p>Un couple superficiel passe un apr\u00e8s-midi sur un yacht jusqu\u2019\u00e0 ce que leur quotidien soit perturb\u00e9.<\/p>\n<\/div><\/div>\n\n\n\n<div style=\"height:100px\" aria-hidden=\"true\" class=\"wp-block-spacer\"><\/div>\n\n\n\n<h2 class=\"wp-block-heading has-text-align-center\"><mark style=\"background-color:rgba(0, 0, 0, 0)\" class=\"has-inline-color has-theme-palette-9-color\">Les films hors comp\u00e9tition<\/mark><\/h2>\n\n\n\n<h4 class=\"wp-block-heading has-text-align-center\"><mark style=\"background-color:rgba(0, 0, 0, 0)\" class=\"has-inline-color has-theme-palette-9-color\">th\u00e8me des oiseaux<\/mark><\/h4>\n\n\n\n<hr class=\"wp-block-separator has-alpha-channel-opacity is-style-wide\"\/>\n\n\n\n<div style=\"height:30px\" aria-hidden=\"true\" class=\"wp-block-spacer\"><\/div>\n\n\n\n<div class=\"wp-block-columns is-layout-flex wp-container-core-columns-is-layout-28f84493 wp-block-columns-is-layout-flex\">\n<div class=\"wp-block-column is-layout-flow wp-block-column-is-layout-flow\">\n<div class=\"wp-block-media-text is-stacked-on-mobile is-vertically-aligned-top\"><figure class=\"wp-block-media-text__media\"><img loading=\"lazy\" decoding=\"async\" width=\"1024\" height=\"576\" src=\"https:\/\/tournez-court.fr\/wp-content\/uploads\/2025\/09\/do_00088128_jeanmesanges-1-1024x576.jpg\" alt=\"\" class=\"wp-image-341 size-full\" srcset=\"https:\/\/tournez-court.fr\/wp-content\/uploads\/2025\/09\/do_00088128_jeanmesanges-1-1024x576.jpg 1024w, https:\/\/tournez-court.fr\/wp-content\/uploads\/2025\/09\/do_00088128_jeanmesanges-1-300x169.jpg 300w, https:\/\/tournez-court.fr\/wp-content\/uploads\/2025\/09\/do_00088128_jeanmesanges-1-768x432.jpg 768w, https:\/\/tournez-court.fr\/wp-content\/uploads\/2025\/09\/do_00088128_jeanmesanges-1-1536x864.jpg 1536w, https:\/\/tournez-court.fr\/wp-content\/uploads\/2025\/09\/do_00088128_jeanmesanges-1.jpg 1920w\" sizes=\"(max-width: 1024px) 100vw, 1024px\" \/><\/figure><div class=\"wp-block-media-text__content\">\n<h6 class=\"wp-block-heading\">DEUX OISEAUX<\/h6>\n\n\n\n<p><strong>R\u00e9alisateur&nbsp;: Antoine Robert<br>Production&nbsp;: La Station animation, Tu Nous ZA Pas Vus Productions<\/strong><\/p>\n\n\n\n<p>1967. Jean passe ses vacances dans la ferme de ses grands-parents. Il s\u2019adonne \u00e0 des jeux d\u2019une innocente cruaut\u00e9 sur les animaux qui l\u2019entourent.<\/p>\n<\/div><\/div>\n<\/div>\n\n\n\n<div class=\"wp-block-column is-layout-flow wp-block-column-is-layout-flow\">\n<div class=\"wp-block-media-text has-media-on-the-right is-stacked-on-mobile is-vertically-aligned-top\"><div class=\"wp-block-media-text__content\">\n<h6 class=\"wp-block-heading\">LA MORT DU POISSON<\/h6>\n\n\n\n<p><strong>R\u00e9alisateur&nbsp;: Eva Lusbaronian<br>Production&nbsp;: Emmanuel-Alain RAYNAL- Pierre BAUSSARON<\/strong><\/p>\n\n\n\n<p>L\u2019\u00e9v\u00e9nement traumatique se rejoue parfois au sein du d\u00e9risoire. La mort d\u2019un poisson vient r\u00e9veiller les tristesses d\u2019une vie.&nbsp;<\/p>\n<\/div><figure class=\"wp-block-media-text__media\"><img loading=\"lazy\" decoding=\"async\" width=\"1024\" height=\"576\" src=\"https:\/\/tournez-court.fr\/wp-content\/uploads\/2025\/09\/MDP_STILL_P044_IMAGE_REFERENCE-1024x576.jpg\" alt=\"\" class=\"wp-image-351 size-full\" srcset=\"https:\/\/tournez-court.fr\/wp-content\/uploads\/2025\/09\/MDP_STILL_P044_IMAGE_REFERENCE-1024x576.jpg 1024w, https:\/\/tournez-court.fr\/wp-content\/uploads\/2025\/09\/MDP_STILL_P044_IMAGE_REFERENCE-300x169.jpg 300w, https:\/\/tournez-court.fr\/wp-content\/uploads\/2025\/09\/MDP_STILL_P044_IMAGE_REFERENCE-768x432.jpg 768w, https:\/\/tournez-court.fr\/wp-content\/uploads\/2025\/09\/MDP_STILL_P044_IMAGE_REFERENCE-1536x864.jpg 1536w, https:\/\/tournez-court.fr\/wp-content\/uploads\/2025\/09\/MDP_STILL_P044_IMAGE_REFERENCE.jpg 1920w\" sizes=\"(max-width: 1024px) 100vw, 1024px\" \/><\/figure><\/div>\n<\/div>\n<\/div>\n\n\n\n<div style=\"height:50px\" aria-hidden=\"true\" class=\"wp-block-spacer\"><\/div>\n\n\n\n<div class=\"wp-block-columns is-layout-flex wp-container-core-columns-is-layout-28f84493 wp-block-columns-is-layout-flex\">\n<div class=\"wp-block-column is-layout-flow wp-block-column-is-layout-flow\">\n<div class=\"wp-block-media-text is-stacked-on-mobile is-vertically-aligned-top\"><figure class=\"wp-block-media-text__media\"><img loading=\"lazy\" decoding=\"async\" width=\"1024\" height=\"570\" src=\"https:\/\/tournez-court.fr\/wp-content\/uploads\/2025\/09\/oiseaux_2025_changeover-1024x570.jpg\" alt=\"\" class=\"wp-image-379 size-full\" srcset=\"https:\/\/tournez-court.fr\/wp-content\/uploads\/2025\/09\/oiseaux_2025_changeover-1024x570.jpg 1024w, https:\/\/tournez-court.fr\/wp-content\/uploads\/2025\/09\/oiseaux_2025_changeover-300x167.jpg 300w, https:\/\/tournez-court.fr\/wp-content\/uploads\/2025\/09\/oiseaux_2025_changeover-768x428.jpg 768w, https:\/\/tournez-court.fr\/wp-content\/uploads\/2025\/09\/oiseaux_2025_changeover-1536x855.jpg 1536w, https:\/\/tournez-court.fr\/wp-content\/uploads\/2025\/09\/oiseaux_2025_changeover-2048x1140.jpg 2048w\" sizes=\"(max-width: 1024px) 100vw, 1024px\" \/><\/figure><div class=\"wp-block-media-text__content\">\n<h6 class=\"wp-block-heading\">CHANGE OVER<\/h6>\n\n\n\n<p><strong>de Mehdi Alibeygi<br>2017<\/strong><\/p>\n\n\n\n<p>Court m\u00e9trage iranien sur un volant de badminton tomb\u00e9 dans un coin du terrain. Un petit oiseau arrive et confond le volant avec son compagnon.<\/p>\n<\/div><\/div>\n<\/div>\n\n\n\n<div class=\"wp-block-column is-layout-flow wp-block-column-is-layout-flow\">\n<div class=\"wp-block-media-text has-media-on-the-right is-stacked-on-mobile is-vertically-aligned-top\"><div class=\"wp-block-media-text__content\">\n<h6 class=\"wp-block-heading\">SOUS LA GLACE<\/h6>\n\n\n\n<p><strong>de&nbsp;Milan Baulard,&nbsp;Ismail Berrahma,&nbsp;Flore Dupont,&nbsp;Laurie Estampes,&nbsp;Quentin Nory,&nbsp;Hugo Potin &#8211; 2019<\/strong><\/p>\n\n\n\n<p>Sur un lac, un h\u00e9ron p\u00eache alors que l\u2019hiver s\u2019installe.<\/p>\n<\/div><figure class=\"wp-block-media-text__media\"><img loading=\"lazy\" decoding=\"async\" width=\"1024\" height=\"552\" src=\"https:\/\/tournez-court.fr\/wp-content\/uploads\/2025\/09\/oiseaux_2025_souslaglace-1024x552.jpg\" alt=\"\" class=\"wp-image-378 size-full\" srcset=\"https:\/\/tournez-court.fr\/wp-content\/uploads\/2025\/09\/oiseaux_2025_souslaglace-1024x552.jpg 1024w, https:\/\/tournez-court.fr\/wp-content\/uploads\/2025\/09\/oiseaux_2025_souslaglace-300x162.jpg 300w, https:\/\/tournez-court.fr\/wp-content\/uploads\/2025\/09\/oiseaux_2025_souslaglace-768x414.jpg 768w, https:\/\/tournez-court.fr\/wp-content\/uploads\/2025\/09\/oiseaux_2025_souslaglace-1536x827.jpg 1536w, https:\/\/tournez-court.fr\/wp-content\/uploads\/2025\/09\/oiseaux_2025_souslaglace-2048x1103.jpg 2048w\" sizes=\"(max-width: 1024px) 100vw, 1024px\" \/><\/figure><\/div>\n<\/div>\n<\/div>\n\n\n\n<div style=\"height:50px\" aria-hidden=\"true\" class=\"wp-block-spacer\"><\/div>\n\n\n\n<div class=\"wp-block-columns is-layout-flex wp-container-core-columns-is-layout-28f84493 wp-block-columns-is-layout-flex\">\n<div class=\"wp-block-column is-layout-flow wp-block-column-is-layout-flow\">\n<div class=\"wp-block-media-text is-stacked-on-mobile is-vertically-aligned-top\"><figure class=\"wp-block-media-text__media\"><img loading=\"lazy\" decoding=\"async\" width=\"1024\" height=\"561\" src=\"https:\/\/tournez-court.fr\/wp-content\/uploads\/2025\/09\/oiseaux_2025_lesdamesgrises-1024x561.jpg\" alt=\"\" class=\"wp-image-380 size-full\" srcset=\"https:\/\/tournez-court.fr\/wp-content\/uploads\/2025\/09\/oiseaux_2025_lesdamesgrises-1024x561.jpg 1024w, https:\/\/tournez-court.fr\/wp-content\/uploads\/2025\/09\/oiseaux_2025_lesdamesgrises-300x164.jpg 300w, https:\/\/tournez-court.fr\/wp-content\/uploads\/2025\/09\/oiseaux_2025_lesdamesgrises-768x421.jpg 768w, https:\/\/tournez-court.fr\/wp-content\/uploads\/2025\/09\/oiseaux_2025_lesdamesgrises-1536x842.jpg 1536w, https:\/\/tournez-court.fr\/wp-content\/uploads\/2025\/09\/oiseaux_2025_lesdamesgrises-2048x1122.jpg 2048w\" sizes=\"(max-width: 1024px) 100vw, 1024px\" \/><\/figure><div class=\"wp-block-media-text__content\">\n<h6 class=\"wp-block-heading\">LES DAMES GRISES<\/h6>\n\n\n\n<p><strong>de L\u00e9a Collober<br>2023 \u2013 Autoproduction<\/strong><\/p>\n\n\n\n<p>Les dames grises, une immersion dans le marais de la R\u00e9serve Naturelle Nationale Etang de Cousseau \u00e0 la d\u00e9couverte des grues cendr\u00e9es<\/p>\n<\/div><\/div>\n<\/div>\n\n\n\n<div class=\"wp-block-column is-layout-flow wp-block-column-is-layout-flow\">\n<div class=\"wp-block-media-text has-media-on-the-right is-stacked-on-mobile is-vertically-aligned-top\"><div class=\"wp-block-media-text__content\">\n<h6 class=\"wp-block-heading\">RAYMONDE<\/h6>\n\n\n\n<p><strong>de Sarah Van Den Boom<br>2020 \u2013 JPL FILM<\/strong><\/p>\n\n\n\n<p>Dans une ferme recul\u00e9e, une chouette vit solitaire. Elle cultive son jardin, \u00e9l\u00e8ve des lapins et gagne quelques sous en vendant par correspondance des petites culottes usag\u00e9es \u00e0 des f\u00e9tichistes japonais. Sa solitude lui p\u00e8se.&nbsp;<\/p>\n<\/div><figure class=\"wp-block-media-text__media\"><img loading=\"lazy\" decoding=\"async\" width=\"1024\" height=\"558\" src=\"https:\/\/tournez-court.fr\/wp-content\/uploads\/2025\/09\/oiseaux_2025_raymonde-1024x558.jpg\" alt=\"\" class=\"wp-image-381 size-full\" srcset=\"https:\/\/tournez-court.fr\/wp-content\/uploads\/2025\/09\/oiseaux_2025_raymonde-1024x558.jpg 1024w, https:\/\/tournez-court.fr\/wp-content\/uploads\/2025\/09\/oiseaux_2025_raymonde-300x163.jpg 300w, https:\/\/tournez-court.fr\/wp-content\/uploads\/2025\/09\/oiseaux_2025_raymonde-768x418.jpg 768w, https:\/\/tournez-court.fr\/wp-content\/uploads\/2025\/09\/oiseaux_2025_raymonde-1536x836.jpg 1536w, https:\/\/tournez-court.fr\/wp-content\/uploads\/2025\/09\/oiseaux_2025_raymonde-2048x1115.jpg 2048w\" sizes=\"(max-width: 1024px) 100vw, 1024px\" \/><\/figure><\/div>\n<\/div>\n<\/div>\n\n\n\n<div style=\"height:50px\" aria-hidden=\"true\" class=\"wp-block-spacer\"><\/div>\n\n\n\n<div class=\"wp-block-columns is-layout-flex wp-container-core-columns-is-layout-28f84493 wp-block-columns-is-layout-flex\">\n<div class=\"wp-block-column is-layout-flow wp-block-column-is-layout-flow\">\n<div class=\"wp-block-media-text is-stacked-on-mobile is-vertically-aligned-top\"><figure class=\"wp-block-media-text__media\"><img loading=\"lazy\" decoding=\"async\" width=\"1024\" height=\"448\" src=\"https:\/\/tournez-court.fr\/wp-content\/uploads\/2025\/09\/oiseaux_2025_boom-1024x448.jpg\" alt=\"\" class=\"wp-image-382 size-full\" srcset=\"https:\/\/tournez-court.fr\/wp-content\/uploads\/2025\/09\/oiseaux_2025_boom-1024x448.jpg 1024w, https:\/\/tournez-court.fr\/wp-content\/uploads\/2025\/09\/oiseaux_2025_boom-300x131.jpg 300w, https:\/\/tournez-court.fr\/wp-content\/uploads\/2025\/09\/oiseaux_2025_boom-768x336.jpg 768w, https:\/\/tournez-court.fr\/wp-content\/uploads\/2025\/09\/oiseaux_2025_boom-1536x672.jpg 1536w, https:\/\/tournez-court.fr\/wp-content\/uploads\/2025\/09\/oiseaux_2025_boom-2048x896.jpg 2048w\" sizes=\"(max-width: 1024px) 100vw, 1024px\" \/><\/figure><div class=\"wp-block-media-text__content\">\n<h6 class=\"wp-block-heading\">BOOM<\/h6>\n\n\n\n<p><strong>R\u00e9alisation :&nbsp;Gabriel Augerai, Romain Augier, Laurie Pereira de Figueiredo, Charles Di Cicco, Yannick Jacquin<br>Production :&nbsp;Ecole des Nouvelles Images<br>2022<\/strong><\/p>\n\n\n\n<p>Un couple d\u2019oiseaux patauds essaie tant bien que mal de prot\u00e9ger ses \u0153ufs d\u2019une \u00e9ruption volcanique\u2026<\/p>\n<\/div><\/div>\n<\/div>\n\n\n\n<div class=\"wp-block-column is-layout-flow wp-block-column-is-layout-flow\"><\/div>\n<\/div>\n\n\n\n<div style=\"height:100px\" aria-hidden=\"true\" class=\"wp-block-spacer\"><\/div>\n\n\n\n<p><\/p>\n","protected":false},"excerpt":{"rendered":"<p>Le programme de l&rsquo;\u00e9dition 2025 Projections d&rsquo;une s\u00e9lection de film dans les EHPAD Sainte Marie et le Havre du payr\u00e9. Du vendredi au samedi soir, des projections des films en comp\u00e9tition et une projections s\u00e9lection jeunesse sur le th\u00e8me des oiseaux. Les projections de 2025 Les films en comp\u00e9titions th\u00e8me libre Dernier acte Film de [&hellip;]<\/p>\n","protected":false},"author":1,"featured_media":0,"parent":0,"menu_order":0,"comment_status":"closed","ping_status":"closed","template":"","meta":{"footnotes":""},"class_list":["post-558","page","type-page","status-publish","hentry"],"yoast_head":"<!-- This site is optimized with the Yoast SEO plugin v27.4 - https:\/\/yoast.com\/product\/yoast-seo-wordpress\/ -->\n<title>Projections 2025 - Festival Tournez-Court<\/title>\n<meta name=\"robots\" content=\"index, follow, max-snippet:-1, max-image-preview:large, max-video-preview:-1\" \/>\n<link rel=\"canonical\" href=\"https:\/\/tournez-court.fr\/index.php\/projections-2025\/\" \/>\n<meta property=\"og:locale\" content=\"fr_FR\" \/>\n<meta property=\"og:type\" content=\"article\" \/>\n<meta property=\"og:title\" content=\"Projections 2025 - Festival Tournez-Court\" \/>\n<meta property=\"og:description\" content=\"Le programme de l&rsquo;\u00e9dition 2025 Projections d&rsquo;une s\u00e9lection de film dans les EHPAD Sainte Marie et le Havre du payr\u00e9. Du vendredi au samedi soir, des projections des films en comp\u00e9tition et une projections s\u00e9lection jeunesse sur le th\u00e8me des oiseaux. Les projections de 2025 Les films en comp\u00e9titions th\u00e8me libre Dernier acte Film de [&hellip;]\" \/>\n<meta property=\"og:url\" content=\"https:\/\/tournez-court.fr\/index.php\/projections-2025\/\" \/>\n<meta property=\"og:site_name\" content=\"Festival Tournez-Court\" \/>\n<meta property=\"article:publisher\" content=\"https:\/\/www.facebook.com\/festivaltournezcourt\" \/>\n<meta property=\"article:modified_time\" content=\"2026-01-26T19:33:15+00:00\" \/>\n<meta property=\"og:image\" content=\"https:\/\/tournez-court.fr\/wp-content\/uploads\/2025\/12\/volcelest.jpg\" \/>\n\t<meta property=\"og:image:width\" content=\"1024\" \/>\n\t<meta property=\"og:image:height\" content=\"554\" \/>\n\t<meta property=\"og:image:type\" content=\"image\/jpeg\" \/>\n<meta name=\"twitter:card\" content=\"summary_large_image\" \/>\n<meta name=\"twitter:label1\" content=\"Dur\u00e9e de lecture estim\u00e9e\" \/>\n\t<meta name=\"twitter:data1\" content=\"8 minutes\" \/>\n<script type=\"application\/ld+json\" class=\"yoast-schema-graph\">{\"@context\":\"https:\\\/\\\/schema.org\",\"@graph\":[{\"@type\":\"WebPage\",\"@id\":\"https:\\\/\\\/tournez-court.fr\\\/index.php\\\/projections-2025\\\/\",\"url\":\"https:\\\/\\\/tournez-court.fr\\\/index.php\\\/projections-2025\\\/\",\"name\":\"Projections 2025 - Festival Tournez-Court\",\"isPartOf\":{\"@id\":\"https:\\\/\\\/tournez-court.fr\\\/#website\"},\"primaryImageOfPage\":{\"@id\":\"https:\\\/\\\/tournez-court.fr\\\/index.php\\\/projections-2025\\\/#primaryimage\"},\"image\":{\"@id\":\"https:\\\/\\\/tournez-court.fr\\\/index.php\\\/projections-2025\\\/#primaryimage\"},\"thumbnailUrl\":\"https:\\\/\\\/tournez-court.fr\\\/wp-content\\\/uploads\\\/2025\\\/12\\\/volcelest.jpg\",\"datePublished\":\"2025-12-01T21:43:49+00:00\",\"dateModified\":\"2026-01-26T19:33:15+00:00\",\"breadcrumb\":{\"@id\":\"https:\\\/\\\/tournez-court.fr\\\/index.php\\\/projections-2025\\\/#breadcrumb\"},\"inLanguage\":\"fr-FR\",\"potentialAction\":[{\"@type\":\"ReadAction\",\"target\":[\"https:\\\/\\\/tournez-court.fr\\\/index.php\\\/projections-2025\\\/\"]}]},{\"@type\":\"ImageObject\",\"inLanguage\":\"fr-FR\",\"@id\":\"https:\\\/\\\/tournez-court.fr\\\/index.php\\\/projections-2025\\\/#primaryimage\",\"url\":\"https:\\\/\\\/tournez-court.fr\\\/wp-content\\\/uploads\\\/2025\\\/12\\\/volcelest.jpg\",\"contentUrl\":\"https:\\\/\\\/tournez-court.fr\\\/wp-content\\\/uploads\\\/2025\\\/12\\\/volcelest.jpg\",\"width\":1024,\"height\":554},{\"@type\":\"BreadcrumbList\",\"@id\":\"https:\\\/\\\/tournez-court.fr\\\/index.php\\\/projections-2025\\\/#breadcrumb\",\"itemListElement\":[{\"@type\":\"ListItem\",\"position\":1,\"name\":\"Accueil\",\"item\":\"https:\\\/\\\/tournez-court.fr\\\/\"},{\"@type\":\"ListItem\",\"position\":2,\"name\":\"Projections 2025\"}]},{\"@type\":\"WebSite\",\"@id\":\"https:\\\/\\\/tournez-court.fr\\\/#website\",\"url\":\"https:\\\/\\\/tournez-court.fr\\\/\",\"name\":\"Festival Tournez-Court\",\"description\":\"Festival du court m\u00e9trage &amp; image exp\u00e9rimentale\",\"publisher\":{\"@id\":\"https:\\\/\\\/tournez-court.fr\\\/#organization\"},\"potentialAction\":[{\"@type\":\"SearchAction\",\"target\":{\"@type\":\"EntryPoint\",\"urlTemplate\":\"https:\\\/\\\/tournez-court.fr\\\/?s={search_term_string}\"},\"query-input\":{\"@type\":\"PropertyValueSpecification\",\"valueRequired\":true,\"valueName\":\"search_term_string\"}}],\"inLanguage\":\"fr-FR\"},{\"@type\":\"Organization\",\"@id\":\"https:\\\/\\\/tournez-court.fr\\\/#organization\",\"name\":\"Tournez-Court\",\"url\":\"https:\\\/\\\/tournez-court.fr\\\/\",\"logo\":{\"@type\":\"ImageObject\",\"inLanguage\":\"fr-FR\",\"@id\":\"https:\\\/\\\/tournez-court.fr\\\/#\\\/schema\\\/logo\\\/image\\\/\",\"url\":\"https:\\\/\\\/tournez-court.fr\\\/wp-content\\\/uploads\\\/2024\\\/09\\\/logo-site-02.jpg\",\"contentUrl\":\"https:\\\/\\\/tournez-court.fr\\\/wp-content\\\/uploads\\\/2024\\\/09\\\/logo-site-02.jpg\",\"width\":1876,\"height\":1876,\"caption\":\"Tournez-Court\"},\"image\":{\"@id\":\"https:\\\/\\\/tournez-court.fr\\\/#\\\/schema\\\/logo\\\/image\\\/\"},\"sameAs\":[\"https:\\\/\\\/www.facebook.com\\\/festivaltournezcourt\",\"https:\\\/\\\/www.instagram.com\\\/festivaltournezcourt\\\/\"]}]}<\/script>\n<!-- \/ Yoast SEO plugin. -->","yoast_head_json":{"title":"Projections 2025 - Festival Tournez-Court","robots":{"index":"index","follow":"follow","max-snippet":"max-snippet:-1","max-image-preview":"max-image-preview:large","max-video-preview":"max-video-preview:-1"},"canonical":"https:\/\/tournez-court.fr\/index.php\/projections-2025\/","og_locale":"fr_FR","og_type":"article","og_title":"Projections 2025 - Festival Tournez-Court","og_description":"Le programme de l&rsquo;\u00e9dition 2025 Projections d&rsquo;une s\u00e9lection de film dans les EHPAD Sainte Marie et le Havre du payr\u00e9. Du vendredi au samedi soir, des projections des films en comp\u00e9tition et une projections s\u00e9lection jeunesse sur le th\u00e8me des oiseaux. Les projections de 2025 Les films en comp\u00e9titions th\u00e8me libre Dernier acte Film de [&hellip;]","og_url":"https:\/\/tournez-court.fr\/index.php\/projections-2025\/","og_site_name":"Festival Tournez-Court","article_publisher":"https:\/\/www.facebook.com\/festivaltournezcourt","article_modified_time":"2026-01-26T19:33:15+00:00","og_image":[{"width":1024,"height":554,"url":"https:\/\/tournez-court.fr\/wp-content\/uploads\/2025\/12\/volcelest.jpg","type":"image\/jpeg"}],"twitter_card":"summary_large_image","twitter_misc":{"Dur\u00e9e de lecture estim\u00e9e":"8 minutes"},"schema":{"@context":"https:\/\/schema.org","@graph":[{"@type":"WebPage","@id":"https:\/\/tournez-court.fr\/index.php\/projections-2025\/","url":"https:\/\/tournez-court.fr\/index.php\/projections-2025\/","name":"Projections 2025 - Festival Tournez-Court","isPartOf":{"@id":"https:\/\/tournez-court.fr\/#website"},"primaryImageOfPage":{"@id":"https:\/\/tournez-court.fr\/index.php\/projections-2025\/#primaryimage"},"image":{"@id":"https:\/\/tournez-court.fr\/index.php\/projections-2025\/#primaryimage"},"thumbnailUrl":"https:\/\/tournez-court.fr\/wp-content\/uploads\/2025\/12\/volcelest.jpg","datePublished":"2025-12-01T21:43:49+00:00","dateModified":"2026-01-26T19:33:15+00:00","breadcrumb":{"@id":"https:\/\/tournez-court.fr\/index.php\/projections-2025\/#breadcrumb"},"inLanguage":"fr-FR","potentialAction":[{"@type":"ReadAction","target":["https:\/\/tournez-court.fr\/index.php\/projections-2025\/"]}]},{"@type":"ImageObject","inLanguage":"fr-FR","@id":"https:\/\/tournez-court.fr\/index.php\/projections-2025\/#primaryimage","url":"https:\/\/tournez-court.fr\/wp-content\/uploads\/2025\/12\/volcelest.jpg","contentUrl":"https:\/\/tournez-court.fr\/wp-content\/uploads\/2025\/12\/volcelest.jpg","width":1024,"height":554},{"@type":"BreadcrumbList","@id":"https:\/\/tournez-court.fr\/index.php\/projections-2025\/#breadcrumb","itemListElement":[{"@type":"ListItem","position":1,"name":"Accueil","item":"https:\/\/tournez-court.fr\/"},{"@type":"ListItem","position":2,"name":"Projections 2025"}]},{"@type":"WebSite","@id":"https:\/\/tournez-court.fr\/#website","url":"https:\/\/tournez-court.fr\/","name":"Festival Tournez-Court","description":"Festival du court m\u00e9trage &amp; image exp\u00e9rimentale","publisher":{"@id":"https:\/\/tournez-court.fr\/#organization"},"potentialAction":[{"@type":"SearchAction","target":{"@type":"EntryPoint","urlTemplate":"https:\/\/tournez-court.fr\/?s={search_term_string}"},"query-input":{"@type":"PropertyValueSpecification","valueRequired":true,"valueName":"search_term_string"}}],"inLanguage":"fr-FR"},{"@type":"Organization","@id":"https:\/\/tournez-court.fr\/#organization","name":"Tournez-Court","url":"https:\/\/tournez-court.fr\/","logo":{"@type":"ImageObject","inLanguage":"fr-FR","@id":"https:\/\/tournez-court.fr\/#\/schema\/logo\/image\/","url":"https:\/\/tournez-court.fr\/wp-content\/uploads\/2024\/09\/logo-site-02.jpg","contentUrl":"https:\/\/tournez-court.fr\/wp-content\/uploads\/2024\/09\/logo-site-02.jpg","width":1876,"height":1876,"caption":"Tournez-Court"},"image":{"@id":"https:\/\/tournez-court.fr\/#\/schema\/logo\/image\/"},"sameAs":["https:\/\/www.facebook.com\/festivaltournezcourt","https:\/\/www.instagram.com\/festivaltournezcourt\/"]}]}},"_links":{"self":[{"href":"https:\/\/tournez-court.fr\/index.php\/wp-json\/wp\/v2\/pages\/558","targetHints":{"allow":["GET"]}}],"collection":[{"href":"https:\/\/tournez-court.fr\/index.php\/wp-json\/wp\/v2\/pages"}],"about":[{"href":"https:\/\/tournez-court.fr\/index.php\/wp-json\/wp\/v2\/types\/page"}],"author":[{"embeddable":true,"href":"https:\/\/tournez-court.fr\/index.php\/wp-json\/wp\/v2\/users\/1"}],"replies":[{"embeddable":true,"href":"https:\/\/tournez-court.fr\/index.php\/wp-json\/wp\/v2\/comments?post=558"}],"version-history":[{"count":16,"href":"https:\/\/tournez-court.fr\/index.php\/wp-json\/wp\/v2\/pages\/558\/revisions"}],"predecessor-version":[{"id":725,"href":"https:\/\/tournez-court.fr\/index.php\/wp-json\/wp\/v2\/pages\/558\/revisions\/725"}],"wp:attachment":[{"href":"https:\/\/tournez-court.fr\/index.php\/wp-json\/wp\/v2\/media?parent=558"}],"curies":[{"name":"wp","href":"https:\/\/api.w.org\/{rel}","templated":true}]}}