{"id":539,"date":"2025-12-01T22:25:34","date_gmt":"2025-12-01T21:25:34","guid":{"rendered":"https:\/\/tournez-court.fr\/?page_id=539"},"modified":"2025-12-01T22:44:09","modified_gmt":"2025-12-01T21:44:09","slug":"projections-2024","status":"publish","type":"page","link":"https:\/\/tournez-court.fr\/index.php\/projections-2024\/","title":{"rendered":"Projections 2024"},"content":{"rendered":"\n<h1 class=\"wp-block-heading has-text-align-center\">Les films de 2024<\/h1>\n\n\n\n<div style=\"height:30px\" aria-hidden=\"true\" class=\"wp-block-spacer\"><\/div>\n\n\n\n<h2 class=\"wp-block-heading has-text-align-center\"><mark style=\"background-color:rgba(0, 0, 0, 0)\" class=\"has-inline-color has-theme-palette-9-color\">Les films \u00e9tudiants<\/mark><\/h2>\n\n\n\n<hr class=\"wp-block-separator has-alpha-channel-opacity is-style-wide\"\/>\n\n\n\n<div style=\"height:30px\" aria-hidden=\"true\" class=\"wp-block-spacer\"><\/div>\n\n\n\n<div class=\"wp-block-columns are-vertically-aligned-top is-layout-flex wp-container-core-columns-is-layout-28f84493 wp-block-columns-is-layout-flex\">\n<div class=\"wp-block-column is-vertically-aligned-top is-layout-flow wp-block-column-is-layout-flow\">\n<h6 class=\"wp-block-heading has-text-align-center\"><mark style=\"background-color:rgba(0, 0, 0, 0)\" class=\"has-inline-color has-theme-palette-10-color\">Le d\u00e9marcheur<\/mark><\/h6>\n\n\n\n<p class=\"has-text-align-center\">de Joanne Gendre et Maud Retailleau<\/p>\n\n\n<div class=\"wp-block-image\">\n<figure class=\"aligncenter size-large\"><img fetchpriority=\"high\" decoding=\"async\" width=\"1024\" height=\"575\" src=\"https:\/\/tournez-court.fr\/wp-content\/uploads\/2024\/09\/le_demarcheur-1024x575.png\" alt=\"\" class=\"wp-image-186\" srcset=\"https:\/\/tournez-court.fr\/wp-content\/uploads\/2024\/09\/le_demarcheur-1024x575.png 1024w, https:\/\/tournez-court.fr\/wp-content\/uploads\/2024\/09\/le_demarcheur-300x168.png 300w, https:\/\/tournez-court.fr\/wp-content\/uploads\/2024\/09\/le_demarcheur-768x431.png 768w, https:\/\/tournez-court.fr\/wp-content\/uploads\/2024\/09\/le_demarcheur-1536x862.png 1536w, https:\/\/tournez-court.fr\/wp-content\/uploads\/2024\/09\/le_demarcheur-2048x1150.png 2048w\" sizes=\"(max-width: 1024px) 100vw, 1024px\" \/><\/figure>\n<\/div><\/div>\n\n\n\n<div class=\"wp-block-column is-vertically-aligned-top is-layout-flow wp-block-column-is-layout-flow\">\n<h6 class=\"wp-block-heading has-text-align-center\">Maestria<\/h6>\n\n\n\n<p class=\"has-text-align-center\">de Cassandra Durand, Alex Coignard et M\u00e9lo\u00e9 Biron<\/p>\n\n\n<div class=\"wp-block-image\">\n<figure class=\"aligncenter size-large\"><img decoding=\"async\" width=\"1024\" height=\"571\" src=\"https:\/\/tournez-court.fr\/wp-content\/uploads\/2024\/09\/Maestria-1024x571.png\" alt=\"\" class=\"wp-image-188\" srcset=\"https:\/\/tournez-court.fr\/wp-content\/uploads\/2024\/09\/Maestria-1024x571.png 1024w, https:\/\/tournez-court.fr\/wp-content\/uploads\/2024\/09\/Maestria-300x167.png 300w, https:\/\/tournez-court.fr\/wp-content\/uploads\/2024\/09\/Maestria-768x428.png 768w, https:\/\/tournez-court.fr\/wp-content\/uploads\/2024\/09\/Maestria-1536x856.png 1536w, https:\/\/tournez-court.fr\/wp-content\/uploads\/2024\/09\/Maestria-2048x1142.png 2048w\" sizes=\"(max-width: 1024px) 100vw, 1024px\" \/><\/figure>\n<\/div><\/div>\n\n\n\n<div class=\"wp-block-column is-vertically-aligned-top is-layout-flow wp-block-column-is-layout-flow\">\n<h6 class=\"wp-block-heading has-text-align-center\"><mark style=\"background-color:rgba(0, 0, 0, 0)\" class=\"has-inline-color has-theme-palette-10-color\">Sauf si<\/mark><\/h6>\n\n\n\n<p class=\"has-text-align-center\">de Anais Franki, Celestine Seydoux, Eva\u00ealle Mandin, Manon Benazet, Laureline Alexandre, Maelys Etienne, Lucile Dupont<\/p>\n\n\n<div class=\"wp-block-image\">\n<figure class=\"aligncenter size-large\"><img decoding=\"async\" width=\"1024\" height=\"574\" src=\"https:\/\/tournez-court.fr\/wp-content\/uploads\/2024\/09\/SAUF-SI-1024x574.png\" alt=\"\" class=\"wp-image-187\" srcset=\"https:\/\/tournez-court.fr\/wp-content\/uploads\/2024\/09\/SAUF-SI-1024x574.png 1024w, https:\/\/tournez-court.fr\/wp-content\/uploads\/2024\/09\/SAUF-SI-300x168.png 300w, https:\/\/tournez-court.fr\/wp-content\/uploads\/2024\/09\/SAUF-SI-768x431.png 768w, https:\/\/tournez-court.fr\/wp-content\/uploads\/2024\/09\/SAUF-SI-1536x862.png 1536w, https:\/\/tournez-court.fr\/wp-content\/uploads\/2024\/09\/SAUF-SI-2048x1149.png 2048w\" sizes=\"(max-width: 1024px) 100vw, 1024px\" \/><\/figure>\n<\/div><\/div>\n<\/div>\n\n\n\n<div style=\"height:100px\" aria-hidden=\"true\" class=\"wp-block-spacer\"><\/div>\n\n\n\n<h2 class=\"wp-block-heading has-text-align-center\"><mark style=\"background-color:rgba(0, 0, 0, 0)\" class=\"has-inline-color has-theme-palette-9-color\">Les films professionnels<\/mark><\/h2>\n\n\n\n<hr class=\"wp-block-separator has-alpha-channel-opacity is-style-wide\"\/>\n\n\n\n<div style=\"height:30px\" aria-hidden=\"true\" class=\"wp-block-spacer\"><\/div>\n\n\n\n<div class=\"wp-block-media-text is-stacked-on-mobile\"><figure class=\"wp-block-media-text__media\"><img loading=\"lazy\" decoding=\"async\" width=\"1024\" height=\"540\" src=\"https:\/\/tournez-court.fr\/wp-content\/uploads\/2024\/09\/Letter-to-a-Pig_-1-REF_sd-1024x540.jpg\" alt=\"\" class=\"wp-image-182 size-full\" srcset=\"https:\/\/tournez-court.fr\/wp-content\/uploads\/2024\/09\/Letter-to-a-Pig_-1-REF_sd-1024x540.jpg 1024w, https:\/\/tournez-court.fr\/wp-content\/uploads\/2024\/09\/Letter-to-a-Pig_-1-REF_sd-300x158.jpg 300w, https:\/\/tournez-court.fr\/wp-content\/uploads\/2024\/09\/Letter-to-a-Pig_-1-REF_sd-768x405.jpg 768w, https:\/\/tournez-court.fr\/wp-content\/uploads\/2024\/09\/Letter-to-a-Pig_-1-REF_sd-1536x810.jpg 1536w, https:\/\/tournez-court.fr\/wp-content\/uploads\/2024\/09\/Letter-to-a-Pig_-1-REF_sd.jpg 2048w\" sizes=\"(max-width: 1024px) 100vw, 1024px\" \/><\/figure><div class=\"wp-block-media-text__content\">\n<h6 class=\"wp-block-heading\"><mark style=\"background-color:rgba(0, 0, 0, 0)\" class=\"has-inline-color has-theme-palette-10-color\">LETTER TO A PIG<\/mark><\/h6>\n\n\n\n<p><strong>R\u00e9alisateur : <\/strong>Tal Kantor<br><strong>Auteur : <\/strong>Tal Kantor<br><strong>Production :<\/strong> Miyu Productions<\/p>\n\n\n\n<p>Un survivant de l\u2019Holocauste lit une lettre qu\u2019il a \u00e9crite au cochon qui lui a sauv\u00e9 la vie. Une jeune \u00e9coli\u00e8re entend son t\u00e9moignage en classe et sombre dans un r\u00eave tordu o\u00f9 elle est confront\u00e9e \u00e0 des questions d\u2019identit\u00e9, de traumatisme collectif et aux extr\u00eames de la nature humaine.<\/p>\n<\/div><\/div>\n\n\n\n<div style=\"height:100px\" aria-hidden=\"true\" class=\"wp-block-spacer\"><\/div>\n\n\n\n<div class=\"wp-block-media-text has-media-on-the-right is-stacked-on-mobile\"><div class=\"wp-block-media-text__content\">\n<h6 class=\"wp-block-heading\">PLEIN ETE<br><\/h6>\n\n\n\n<p><strong>R\u00e9alisateur :<\/strong> Josselin Facon<br><strong>Auteur :<\/strong> Josselin Facon &amp; Marine Chaplais<br><strong>Production :<\/strong> Miyu Productions \/ Emmanuel-Alain Raynal<\/p>\n\n\n\n<p>Un moment trouble dans la douceur d\u2019un \u00e9t\u00e9 \u00e0 la campagne. Un jeune homme en train de jardiner observe pour la premi\u00e8re fois sa m\u00e8re comme une femme.<\/p>\n<\/div><figure class=\"wp-block-media-text__media\"><img loading=\"lazy\" decoding=\"async\" width=\"730\" height=\"437\" src=\"https:\/\/tournez-court.fr\/wp-content\/uploads\/2024\/09\/plein-ete-8-730x437-1.png\" alt=\"\" class=\"wp-image-150 size-full\" srcset=\"https:\/\/tournez-court.fr\/wp-content\/uploads\/2024\/09\/plein-ete-8-730x437-1.png 730w, https:\/\/tournez-court.fr\/wp-content\/uploads\/2024\/09\/plein-ete-8-730x437-1-300x180.png 300w\" sizes=\"(max-width: 730px) 100vw, 730px\" \/><\/figure><\/div>\n\n\n\n<div style=\"height:100px\" aria-hidden=\"true\" class=\"wp-block-spacer\"><\/div>\n\n\n\n<div class=\"wp-block-media-text is-stacked-on-mobile\"><figure class=\"wp-block-media-text__media\"><img loading=\"lazy\" decoding=\"async\" width=\"1024\" height=\"580\" src=\"https:\/\/tournez-court.fr\/wp-content\/uploads\/2024\/09\/fille-de-ouessant-mouton-phare-1250x708-1-1024x580.png\" alt=\"\" class=\"wp-image-181 size-full\" srcset=\"https:\/\/tournez-court.fr\/wp-content\/uploads\/2024\/09\/fille-de-ouessant-mouton-phare-1250x708-1-1024x580.png 1024w, https:\/\/tournez-court.fr\/wp-content\/uploads\/2024\/09\/fille-de-ouessant-mouton-phare-1250x708-1-300x170.png 300w, https:\/\/tournez-court.fr\/wp-content\/uploads\/2024\/09\/fille-de-ouessant-mouton-phare-1250x708-1-768x435.png 768w, https:\/\/tournez-court.fr\/wp-content\/uploads\/2024\/09\/fille-de-ouessant-mouton-phare-1250x708-1.png 1250w\" sizes=\"(max-width: 1024px) 100vw, 1024px\" \/><\/figure><div class=\"wp-block-media-text__content\">\n<h6 class=\"wp-block-heading\">UNE FILLE D&rsquo;OUESSANT<br><\/h6>\n\n\n\n<p><strong>R\u00e9alisateur :<\/strong> \u00c9l\u00e9onore Saintagnan &amp; Gr\u00e9goire Motte<br><strong>Auteur : <\/strong>\u00c9l\u00e9onore Saintagnan<br><strong>Production :<\/strong> Michigan Films, Mains d\u2019Oeuvres<\/p>\n\n\n\n<p>L\u2019\u00eele d\u2019Ouessant est la plus \u00e0 l\u2019ouest, tout au bout de la pointe de la Bretagne. La derni\u00e8re terre fran\u00e7aise avant l\u2019Am\u00e9rique\u2026 Autrefois, les hommes y travaillaient tous en mer, pour la p\u00eache ou dans la marine, et de ce fait l\u2019\u00eele \u00e9tait peupl\u00e9e presque uniquement de femmes. En immersion sur cette terre, \u00c9l\u00e9onore Saintagnan plonge dans les archives, et dans un flottement entre r\u00eave et r\u00e9alit\u00e9, s\u2019identifie \u00e0 Barba, une fille de Ouessant, dont le p\u00e8re a disparu en mer sans laisser de traces.<\/p>\n<\/div><\/div>\n\n\n\n<div style=\"height:100px\" aria-hidden=\"true\" class=\"wp-block-spacer\"><\/div>\n\n\n\n<div class=\"wp-block-media-text has-media-on-the-right is-stacked-on-mobile\"><div class=\"wp-block-media-text__content\">\n<h6 class=\"wp-block-heading\">LE PLUS PETIT APPARTEMENT DE PARIS<\/h6>\n\n\n\n<p><br><strong>R\u00e9alisateur : <\/strong>H\u00e9l\u00e8na Villovitch<br><strong>Auteur :<\/strong> H\u00e9l\u00e8na Villovitch<br><strong>Production :<\/strong> Ecce Films<\/p>\n\n\n\n<p>Seize m\u00e8tres cube \u00e0 elle toute seule ! L\u2019heureuse Carla vient de se voir attribuer un espace de vie pour c\u00e9libataire. Fran\u00e7ois aussi est tout content \u00e0 l\u2019id\u00e9e de poser sa valise \u00e0 roulettes dans une studette. Petit probl\u00e8me : il s\u2019agit du m\u00eame appartement. Une fable sur, autour et dans le logement.<\/p>\n<\/div><figure class=\"wp-block-media-text__media\"><img loading=\"lazy\" decoding=\"async\" width=\"1024\" height=\"575\" src=\"https:\/\/tournez-court.fr\/wp-content\/uploads\/2024\/09\/Capture-decran-2024-09-11-a-12.49.00-1024x575.png\" alt=\"\" class=\"wp-image-185 size-full\" srcset=\"https:\/\/tournez-court.fr\/wp-content\/uploads\/2024\/09\/Capture-decran-2024-09-11-a-12.49.00-1024x575.png 1024w, https:\/\/tournez-court.fr\/wp-content\/uploads\/2024\/09\/Capture-decran-2024-09-11-a-12.49.00-300x169.png 300w, https:\/\/tournez-court.fr\/wp-content\/uploads\/2024\/09\/Capture-decran-2024-09-11-a-12.49.00-768x431.png 768w, https:\/\/tournez-court.fr\/wp-content\/uploads\/2024\/09\/Capture-decran-2024-09-11-a-12.49.00-1536x863.png 1536w, https:\/\/tournez-court.fr\/wp-content\/uploads\/2024\/09\/Capture-decran-2024-09-11-a-12.49.00-2048x1150.png 2048w\" sizes=\"(max-width: 1024px) 100vw, 1024px\" \/><\/figure><\/div>\n\n\n\n<div style=\"height:100px\" aria-hidden=\"true\" class=\"wp-block-spacer\"><\/div>\n\n\n\n<div class=\"wp-block-media-text is-stacked-on-mobile\"><figure class=\"wp-block-media-text__media\"><img loading=\"lazy\" decoding=\"async\" width=\"1024\" height=\"618\" src=\"https:\/\/tournez-court.fr\/wp-content\/uploads\/2024\/09\/Capture-decran-2024-09-09-a-10.06.02-1024x618.png\" alt=\"\" class=\"wp-image-183 size-full\" srcset=\"https:\/\/tournez-court.fr\/wp-content\/uploads\/2024\/09\/Capture-decran-2024-09-09-a-10.06.02-1024x618.png 1024w, https:\/\/tournez-court.fr\/wp-content\/uploads\/2024\/09\/Capture-decran-2024-09-09-a-10.06.02-300x181.png 300w, https:\/\/tournez-court.fr\/wp-content\/uploads\/2024\/09\/Capture-decran-2024-09-09-a-10.06.02-768x463.png 768w, https:\/\/tournez-court.fr\/wp-content\/uploads\/2024\/09\/Capture-decran-2024-09-09-a-10.06.02-1536x926.png 1536w, https:\/\/tournez-court.fr\/wp-content\/uploads\/2024\/09\/Capture-decran-2024-09-09-a-10.06.02-2048x1235.png 2048w\" sizes=\"(max-width: 1024px) 100vw, 1024px\" \/><\/figure><div class=\"wp-block-media-text__content\">\n<h6 class=\"wp-block-heading\">LE SECRET DE L&rsquo;INVISIBLE<\/h6>\n\n\n\n<p><\/p>\n\n\n\n<p><strong>R\u00e9alisateur : <\/strong>Antonin Peretjatko<br><strong>Auteur :<\/strong> Antonin Peretjatko<br><strong>Production : <\/strong>Ecce Films<\/p>\n\n\n\n<p>Dans un Paris en plein marasme \u00e9conomique, Jojo et Eug\u00e8ne encha\u00eenent les \u00e9checs amoureux. Et si tout cela \u00e9tait li\u00e9 ? Nos deux agents infiltr\u00e9s entreprennent donc une enqu\u00eate sur la jeune fille. On y d\u00e9couvre que la jeune fille n\u2019est pas toujours jeune ni toujours fille.<\/p>\n\n\n\n<p><\/p>\n<\/div><\/div>\n\n\n\n<div style=\"height:100px\" aria-hidden=\"true\" class=\"wp-block-spacer\"><\/div>\n\n\n\n<div class=\"wp-block-media-text has-media-on-the-right is-stacked-on-mobile\"><div class=\"wp-block-media-text__content\">\n<h6 class=\"wp-block-heading\">THE OLD SANTIAGO AND THE SEA<\/h6>\n\n\n\n<p><\/p>\n\n\n\n<p><strong>R\u00e9alisateur<\/strong>&nbsp;: Julien Seze<br><strong>Auteur<\/strong>&nbsp;: Julien Seze<br><strong>Production<\/strong>&nbsp;: Miyu Productions<\/p>\n\n\n\n<p>Santiago, vieux p\u00eacheur cubain exp\u00e9riment\u00e9, ne ram\u00e8ne plus de poissons depuis des semaines. Alors qu\u2019au village la rumeur de sa malchance se r\u00e9pand, il attend la prise qui lui rendra l\u2019estime de tous.<\/p>\n<\/div><figure class=\"wp-block-media-text__media\"><img loading=\"lazy\" decoding=\"async\" width=\"1024\" height=\"575\" src=\"https:\/\/tournez-court.fr\/wp-content\/uploads\/2024\/09\/theoldsantiago2-1024x575.jpg\" alt=\"\" class=\"wp-image-184 size-full\" srcset=\"https:\/\/tournez-court.fr\/wp-content\/uploads\/2024\/09\/theoldsantiago2-1024x575.jpg 1024w, https:\/\/tournez-court.fr\/wp-content\/uploads\/2024\/09\/theoldsantiago2-300x169.jpg 300w, https:\/\/tournez-court.fr\/wp-content\/uploads\/2024\/09\/theoldsantiago2-768x432.jpg 768w, https:\/\/tournez-court.fr\/wp-content\/uploads\/2024\/09\/theoldsantiago2-1536x863.jpg 1536w, https:\/\/tournez-court.fr\/wp-content\/uploads\/2024\/09\/theoldsantiago2.jpg 1920w\" sizes=\"(max-width: 1024px) 100vw, 1024px\" \/><\/figure><\/div>\n\n\n\n<p><\/p>\n","protected":false},"excerpt":{"rendered":"<p>Les films de 2024 Les films \u00e9tudiants Le d\u00e9marcheur de Joanne Gendre et Maud Retailleau Maestria de Cassandra Durand, Alex Coignard et M\u00e9lo\u00e9 Biron Sauf si de Anais Franki, Celestine Seydoux, Eva\u00ealle Mandin, Manon Benazet, Laureline Alexandre, Maelys Etienne, Lucile Dupont Les films professionnels LETTER TO A PIG R\u00e9alisateur : Tal KantorAuteur : Tal KantorProduction [&hellip;]<\/p>\n","protected":false},"author":1,"featured_media":0,"parent":0,"menu_order":0,"comment_status":"closed","ping_status":"closed","template":"","meta":{"footnotes":""},"class_list":["post-539","page","type-page","status-publish","hentry"],"yoast_head":"<!-- This site is optimized with the Yoast SEO plugin v27.4 - https:\/\/yoast.com\/product\/yoast-seo-wordpress\/ -->\n<title>Projections 2024 - Festival Tournez-Court<\/title>\n<meta name=\"robots\" content=\"index, follow, max-snippet:-1, max-image-preview:large, max-video-preview:-1\" \/>\n<link rel=\"canonical\" href=\"https:\/\/tournez-court.fr\/index.php\/projections-2024\/\" \/>\n<meta property=\"og:locale\" content=\"fr_FR\" \/>\n<meta property=\"og:type\" content=\"article\" \/>\n<meta property=\"og:title\" content=\"Projections 2024 - Festival Tournez-Court\" \/>\n<meta property=\"og:description\" content=\"Les films de 2024 Les films \u00e9tudiants Le d\u00e9marcheur de Joanne Gendre et Maud Retailleau Maestria de Cassandra Durand, Alex Coignard et M\u00e9lo\u00e9 Biron Sauf si de Anais Franki, Celestine Seydoux, Eva\u00ealle Mandin, Manon Benazet, Laureline Alexandre, Maelys Etienne, Lucile Dupont Les films professionnels LETTER TO A PIG R\u00e9alisateur : Tal KantorAuteur : Tal KantorProduction [&hellip;]\" \/>\n<meta property=\"og:url\" content=\"https:\/\/tournez-court.fr\/index.php\/projections-2024\/\" \/>\n<meta property=\"og:site_name\" content=\"Festival Tournez-Court\" \/>\n<meta property=\"article:publisher\" content=\"https:\/\/www.facebook.com\/festivaltournezcourt\" \/>\n<meta property=\"article:modified_time\" content=\"2025-12-01T21:44:09+00:00\" \/>\n<meta property=\"og:image\" content=\"https:\/\/tournez-court.fr\/wp-content\/uploads\/2024\/09\/le_demarcheur-1024x575.png\" \/>\n\t<meta property=\"og:image:width\" content=\"1024\" \/>\n\t<meta property=\"og:image:height\" content=\"575\" \/>\n\t<meta property=\"og:image:type\" content=\"image\/png\" \/>\n<meta name=\"twitter:card\" content=\"summary_large_image\" \/>\n<meta name=\"twitter:label1\" content=\"Dur\u00e9e de lecture estim\u00e9e\" \/>\n\t<meta name=\"twitter:data1\" content=\"4 minutes\" \/>\n<script type=\"application\/ld+json\" class=\"yoast-schema-graph\">{\"@context\":\"https:\\\/\\\/schema.org\",\"@graph\":[{\"@type\":\"WebPage\",\"@id\":\"https:\\\/\\\/tournez-court.fr\\\/index.php\\\/projections-2024\\\/\",\"url\":\"https:\\\/\\\/tournez-court.fr\\\/index.php\\\/projections-2024\\\/\",\"name\":\"Projections 2024 - Festival Tournez-Court\",\"isPartOf\":{\"@id\":\"https:\\\/\\\/tournez-court.fr\\\/#website\"},\"primaryImageOfPage\":{\"@id\":\"https:\\\/\\\/tournez-court.fr\\\/index.php\\\/projections-2024\\\/#primaryimage\"},\"image\":{\"@id\":\"https:\\\/\\\/tournez-court.fr\\\/index.php\\\/projections-2024\\\/#primaryimage\"},\"thumbnailUrl\":\"https:\\\/\\\/tournez-court.fr\\\/wp-content\\\/uploads\\\/2024\\\/09\\\/le_demarcheur-1024x575.png\",\"datePublished\":\"2025-12-01T21:25:34+00:00\",\"dateModified\":\"2025-12-01T21:44:09+00:00\",\"breadcrumb\":{\"@id\":\"https:\\\/\\\/tournez-court.fr\\\/index.php\\\/projections-2024\\\/#breadcrumb\"},\"inLanguage\":\"fr-FR\",\"potentialAction\":[{\"@type\":\"ReadAction\",\"target\":[\"https:\\\/\\\/tournez-court.fr\\\/index.php\\\/projections-2024\\\/\"]}]},{\"@type\":\"ImageObject\",\"inLanguage\":\"fr-FR\",\"@id\":\"https:\\\/\\\/tournez-court.fr\\\/index.php\\\/projections-2024\\\/#primaryimage\",\"url\":\"https:\\\/\\\/tournez-court.fr\\\/wp-content\\\/uploads\\\/2024\\\/09\\\/le_demarcheur.png\",\"contentUrl\":\"https:\\\/\\\/tournez-court.fr\\\/wp-content\\\/uploads\\\/2024\\\/09\\\/le_demarcheur.png\",\"width\":2560,\"height\":1437},{\"@type\":\"BreadcrumbList\",\"@id\":\"https:\\\/\\\/tournez-court.fr\\\/index.php\\\/projections-2024\\\/#breadcrumb\",\"itemListElement\":[{\"@type\":\"ListItem\",\"position\":1,\"name\":\"Accueil\",\"item\":\"https:\\\/\\\/tournez-court.fr\\\/\"},{\"@type\":\"ListItem\",\"position\":2,\"name\":\"Projections 2024\"}]},{\"@type\":\"WebSite\",\"@id\":\"https:\\\/\\\/tournez-court.fr\\\/#website\",\"url\":\"https:\\\/\\\/tournez-court.fr\\\/\",\"name\":\"Festival Tournez-Court\",\"description\":\"Festival du court m\u00e9trage &amp; image exp\u00e9rimentale\",\"publisher\":{\"@id\":\"https:\\\/\\\/tournez-court.fr\\\/#organization\"},\"potentialAction\":[{\"@type\":\"SearchAction\",\"target\":{\"@type\":\"EntryPoint\",\"urlTemplate\":\"https:\\\/\\\/tournez-court.fr\\\/?s={search_term_string}\"},\"query-input\":{\"@type\":\"PropertyValueSpecification\",\"valueRequired\":true,\"valueName\":\"search_term_string\"}}],\"inLanguage\":\"fr-FR\"},{\"@type\":\"Organization\",\"@id\":\"https:\\\/\\\/tournez-court.fr\\\/#organization\",\"name\":\"Tournez-Court\",\"url\":\"https:\\\/\\\/tournez-court.fr\\\/\",\"logo\":{\"@type\":\"ImageObject\",\"inLanguage\":\"fr-FR\",\"@id\":\"https:\\\/\\\/tournez-court.fr\\\/#\\\/schema\\\/logo\\\/image\\\/\",\"url\":\"https:\\\/\\\/tournez-court.fr\\\/wp-content\\\/uploads\\\/2024\\\/09\\\/logo-site-02.jpg\",\"contentUrl\":\"https:\\\/\\\/tournez-court.fr\\\/wp-content\\\/uploads\\\/2024\\\/09\\\/logo-site-02.jpg\",\"width\":1876,\"height\":1876,\"caption\":\"Tournez-Court\"},\"image\":{\"@id\":\"https:\\\/\\\/tournez-court.fr\\\/#\\\/schema\\\/logo\\\/image\\\/\"},\"sameAs\":[\"https:\\\/\\\/www.facebook.com\\\/festivaltournezcourt\",\"https:\\\/\\\/www.instagram.com\\\/festivaltournezcourt\\\/\"]}]}<\/script>\n<!-- \/ Yoast SEO plugin. -->","yoast_head_json":{"title":"Projections 2024 - Festival Tournez-Court","robots":{"index":"index","follow":"follow","max-snippet":"max-snippet:-1","max-image-preview":"max-image-preview:large","max-video-preview":"max-video-preview:-1"},"canonical":"https:\/\/tournez-court.fr\/index.php\/projections-2024\/","og_locale":"fr_FR","og_type":"article","og_title":"Projections 2024 - Festival Tournez-Court","og_description":"Les films de 2024 Les films \u00e9tudiants Le d\u00e9marcheur de Joanne Gendre et Maud Retailleau Maestria de Cassandra Durand, Alex Coignard et M\u00e9lo\u00e9 Biron Sauf si de Anais Franki, Celestine Seydoux, Eva\u00ealle Mandin, Manon Benazet, Laureline Alexandre, Maelys Etienne, Lucile Dupont Les films professionnels LETTER TO A PIG R\u00e9alisateur : Tal KantorAuteur : Tal KantorProduction [&hellip;]","og_url":"https:\/\/tournez-court.fr\/index.php\/projections-2024\/","og_site_name":"Festival Tournez-Court","article_publisher":"https:\/\/www.facebook.com\/festivaltournezcourt","article_modified_time":"2025-12-01T21:44:09+00:00","og_image":[{"width":1024,"height":575,"url":"https:\/\/tournez-court.fr\/wp-content\/uploads\/2024\/09\/le_demarcheur-1024x575.png","type":"image\/png"}],"twitter_card":"summary_large_image","twitter_misc":{"Dur\u00e9e de lecture estim\u00e9e":"4 minutes"},"schema":{"@context":"https:\/\/schema.org","@graph":[{"@type":"WebPage","@id":"https:\/\/tournez-court.fr\/index.php\/projections-2024\/","url":"https:\/\/tournez-court.fr\/index.php\/projections-2024\/","name":"Projections 2024 - Festival Tournez-Court","isPartOf":{"@id":"https:\/\/tournez-court.fr\/#website"},"primaryImageOfPage":{"@id":"https:\/\/tournez-court.fr\/index.php\/projections-2024\/#primaryimage"},"image":{"@id":"https:\/\/tournez-court.fr\/index.php\/projections-2024\/#primaryimage"},"thumbnailUrl":"https:\/\/tournez-court.fr\/wp-content\/uploads\/2024\/09\/le_demarcheur-1024x575.png","datePublished":"2025-12-01T21:25:34+00:00","dateModified":"2025-12-01T21:44:09+00:00","breadcrumb":{"@id":"https:\/\/tournez-court.fr\/index.php\/projections-2024\/#breadcrumb"},"inLanguage":"fr-FR","potentialAction":[{"@type":"ReadAction","target":["https:\/\/tournez-court.fr\/index.php\/projections-2024\/"]}]},{"@type":"ImageObject","inLanguage":"fr-FR","@id":"https:\/\/tournez-court.fr\/index.php\/projections-2024\/#primaryimage","url":"https:\/\/tournez-court.fr\/wp-content\/uploads\/2024\/09\/le_demarcheur.png","contentUrl":"https:\/\/tournez-court.fr\/wp-content\/uploads\/2024\/09\/le_demarcheur.png","width":2560,"height":1437},{"@type":"BreadcrumbList","@id":"https:\/\/tournez-court.fr\/index.php\/projections-2024\/#breadcrumb","itemListElement":[{"@type":"ListItem","position":1,"name":"Accueil","item":"https:\/\/tournez-court.fr\/"},{"@type":"ListItem","position":2,"name":"Projections 2024"}]},{"@type":"WebSite","@id":"https:\/\/tournez-court.fr\/#website","url":"https:\/\/tournez-court.fr\/","name":"Festival Tournez-Court","description":"Festival du court m\u00e9trage &amp; image exp\u00e9rimentale","publisher":{"@id":"https:\/\/tournez-court.fr\/#organization"},"potentialAction":[{"@type":"SearchAction","target":{"@type":"EntryPoint","urlTemplate":"https:\/\/tournez-court.fr\/?s={search_term_string}"},"query-input":{"@type":"PropertyValueSpecification","valueRequired":true,"valueName":"search_term_string"}}],"inLanguage":"fr-FR"},{"@type":"Organization","@id":"https:\/\/tournez-court.fr\/#organization","name":"Tournez-Court","url":"https:\/\/tournez-court.fr\/","logo":{"@type":"ImageObject","inLanguage":"fr-FR","@id":"https:\/\/tournez-court.fr\/#\/schema\/logo\/image\/","url":"https:\/\/tournez-court.fr\/wp-content\/uploads\/2024\/09\/logo-site-02.jpg","contentUrl":"https:\/\/tournez-court.fr\/wp-content\/uploads\/2024\/09\/logo-site-02.jpg","width":1876,"height":1876,"caption":"Tournez-Court"},"image":{"@id":"https:\/\/tournez-court.fr\/#\/schema\/logo\/image\/"},"sameAs":["https:\/\/www.facebook.com\/festivaltournezcourt","https:\/\/www.instagram.com\/festivaltournezcourt\/"]}]}},"_links":{"self":[{"href":"https:\/\/tournez-court.fr\/index.php\/wp-json\/wp\/v2\/pages\/539","targetHints":{"allow":["GET"]}}],"collection":[{"href":"https:\/\/tournez-court.fr\/index.php\/wp-json\/wp\/v2\/pages"}],"about":[{"href":"https:\/\/tournez-court.fr\/index.php\/wp-json\/wp\/v2\/types\/page"}],"author":[{"embeddable":true,"href":"https:\/\/tournez-court.fr\/index.php\/wp-json\/wp\/v2\/users\/1"}],"replies":[{"embeddable":true,"href":"https:\/\/tournez-court.fr\/index.php\/wp-json\/wp\/v2\/comments?post=539"}],"version-history":[{"count":13,"href":"https:\/\/tournez-court.fr\/index.php\/wp-json\/wp\/v2\/pages\/539\/revisions"}],"predecessor-version":[{"id":560,"href":"https:\/\/tournez-court.fr\/index.php\/wp-json\/wp\/v2\/pages\/539\/revisions\/560"}],"wp:attachment":[{"href":"https:\/\/tournez-court.fr\/index.php\/wp-json\/wp\/v2\/media?parent=539"}],"curies":[{"name":"wp","href":"https:\/\/api.w.org\/{rel}","templated":true}]}}