{"id":521,"date":"2025-12-01T20:31:14","date_gmt":"2025-12-01T19:31:14","guid":{"rendered":"https:\/\/tournez-court.fr\/?page_id=521"},"modified":"2025-12-01T22:17:15","modified_gmt":"2025-12-01T21:17:15","slug":"lassociation","status":"publish","type":"page","link":"https:\/\/tournez-court.fr\/index.php\/lassociation\/","title":{"rendered":"L&rsquo;association"},"content":{"rendered":"\n<div class=\"wp-block-cover\"><img fetchpriority=\"high\" decoding=\"async\" width=\"1024\" height=\"370\" class=\"wp-block-cover__image-background wp-image-522 size-large\" alt=\"\" src=\"https:\/\/tournez-court.fr\/wp-content\/uploads\/2025\/12\/IMG_3866-1024x370.jpg\" data-object-fit=\"cover\" srcset=\"https:\/\/tournez-court.fr\/wp-content\/uploads\/2025\/12\/IMG_3866-1024x370.jpg 1024w, https:\/\/tournez-court.fr\/wp-content\/uploads\/2025\/12\/IMG_3866-300x108.jpg 300w, https:\/\/tournez-court.fr\/wp-content\/uploads\/2025\/12\/IMG_3866-768x278.jpg 768w, https:\/\/tournez-court.fr\/wp-content\/uploads\/2025\/12\/IMG_3866-1536x555.jpg 1536w, https:\/\/tournez-court.fr\/wp-content\/uploads\/2025\/12\/IMG_3866.jpg 2048w\" sizes=\"(max-width: 1024px) 100vw, 1024px\" \/><span aria-hidden=\"true\" class=\"wp-block-cover__background has-theme-palette-3-background-color has-background-dim\"><\/span><div class=\"wp-block-cover__inner-container is-layout-constrained wp-block-cover-is-layout-constrained\">\n<h2 class=\"wp-block-heading has-text-align-center has-large-font-size\"><mark style=\"background-color:rgba(0, 0, 0, 0)\" class=\"has-inline-color has-theme-palette-15-color\">L&rsquo;association Tournez-court<\/mark><\/h2>\n<\/div><\/div>\n\n\n\n<div class=\"wp-block-columns is-layout-flex wp-container-core-columns-is-layout-28f84493 wp-block-columns-is-layout-flex\">\n<div class=\"wp-block-column is-layout-flow wp-block-column-is-layout-flow\" style=\"flex-basis:25%\"><\/div>\n\n\n\n<div class=\"wp-block-column is-layout-flow wp-block-column-is-layout-flow\" style=\"flex-basis:50%\">\n<p class=\"has-text-align-center\">Le festival est port\u00e9 et organis\u00e9 par l&rsquo;association \u00e9ponyme TOURNEZ COURT. L&rsquo;association a \u00e9t\u00e9 cr\u00e9\u00e9e en 2024 \u00e0 Talmont-Saint-Hilaire, ville du festival.<\/p>\n\n\n\n<p class=\"has-text-align-center\">Autour d\u2019Herv\u00e9, Thierry et Elie, fondateurs du projet, se retrouve aujourd&rsquo;hui une trentaine de b\u00e9n\u00e9voles motiv\u00e9 \u00e0 pr\u00e9parer la 3\u00e8me \u00e9dition pour septembre 2026. <\/p>\n\n\n\n<p class=\"has-text-align-center\">La cotisation \u00e0 l&rsquo;association est libre.<br>Elle se fait en ligne sur la plateforme HelloAsso via le lien ci-dessous.<\/p>\n<\/div>\n\n\n\n<div class=\"wp-block-column is-layout-flow wp-block-column-is-layout-flow\" style=\"flex-basis:25%\"><\/div>\n<\/div>\n\n\n\n<div class=\"wp-block-buttons is-content-justification-center is-layout-flex wp-container-core-buttons-is-layout-a89b3969 wp-block-buttons-is-layout-flex\">\n<div class=\"wp-block-button\"><a class=\"wp-block-button__link wp-element-button\" href=\"https:\/\/www.helloasso.com\/associations\/tournez-court\">Adh\u00e9rer \u00e0 l&rsquo;association<\/a><\/div>\n<\/div>\n\n\n\n<figure class=\"wp-block-gallery has-nested-images columns-default is-cropped wp-block-gallery-1 is-layout-flex wp-block-gallery-is-layout-flex\">\n<figure class=\"wp-block-image size-large\"><img decoding=\"async\" width=\"1024\" height=\"769\" data-id=\"532\" src=\"https:\/\/tournez-court.fr\/wp-content\/uploads\/2025\/12\/IMG_20240913_201146-1-1024x769.jpg\" alt=\"\" class=\"wp-image-532\" srcset=\"https:\/\/tournez-court.fr\/wp-content\/uploads\/2025\/12\/IMG_20240913_201146-1-1024x769.jpg 1024w, https:\/\/tournez-court.fr\/wp-content\/uploads\/2025\/12\/IMG_20240913_201146-1-300x225.jpg 300w, https:\/\/tournez-court.fr\/wp-content\/uploads\/2025\/12\/IMG_20240913_201146-1-768x576.jpg 768w, https:\/\/tournez-court.fr\/wp-content\/uploads\/2025\/12\/IMG_20240913_201146-1.jpg 1479w\" sizes=\"(max-width: 1024px) 100vw, 1024px\" \/><\/figure>\n\n\n\n<figure class=\"wp-block-image size-large\"><img decoding=\"async\" width=\"1024\" height=\"768\" data-id=\"533\" src=\"https:\/\/tournez-court.fr\/wp-content\/uploads\/2025\/12\/20240914_200138-1024x768.jpg\" alt=\"\" class=\"wp-image-533\" srcset=\"https:\/\/tournez-court.fr\/wp-content\/uploads\/2025\/12\/20240914_200138-1024x768.jpg 1024w, https:\/\/tournez-court.fr\/wp-content\/uploads\/2025\/12\/20240914_200138-300x225.jpg 300w, https:\/\/tournez-court.fr\/wp-content\/uploads\/2025\/12\/20240914_200138-768x576.jpg 768w, https:\/\/tournez-court.fr\/wp-content\/uploads\/2025\/12\/20240914_200138.jpg 1305w\" sizes=\"(max-width: 1024px) 100vw, 1024px\" \/><\/figure>\n\n\n\n<figure class=\"wp-block-image size-large\"><img loading=\"lazy\" decoding=\"async\" width=\"1024\" height=\"768\" data-id=\"537\" src=\"https:\/\/tournez-court.fr\/wp-content\/uploads\/2025\/12\/IMG_3630-1-1024x768.jpg\" alt=\"\" class=\"wp-image-537\" srcset=\"https:\/\/tournez-court.fr\/wp-content\/uploads\/2025\/12\/IMG_3630-1-1024x768.jpg 1024w, https:\/\/tournez-court.fr\/wp-content\/uploads\/2025\/12\/IMG_3630-1-300x225.jpg 300w, https:\/\/tournez-court.fr\/wp-content\/uploads\/2025\/12\/IMG_3630-1-768x576.jpg 768w, https:\/\/tournez-court.fr\/wp-content\/uploads\/2025\/12\/IMG_3630-1-1536x1152.jpg 1536w, https:\/\/tournez-court.fr\/wp-content\/uploads\/2025\/12\/IMG_3630-1.jpg 2016w\" sizes=\"(max-width: 1024px) 100vw, 1024px\" \/><\/figure>\n\n\n\n<figure class=\"wp-block-image size-large\"><img loading=\"lazy\" decoding=\"async\" width=\"1024\" height=\"769\" data-id=\"534\" src=\"https:\/\/tournez-court.fr\/wp-content\/uploads\/2025\/12\/IMG_20250913_105825-1024x769.jpg\" alt=\"\" class=\"wp-image-534\" srcset=\"https:\/\/tournez-court.fr\/wp-content\/uploads\/2025\/12\/IMG_20250913_105825-1024x769.jpg 1024w, https:\/\/tournez-court.fr\/wp-content\/uploads\/2025\/12\/IMG_20250913_105825-300x225.jpg 300w, https:\/\/tournez-court.fr\/wp-content\/uploads\/2025\/12\/IMG_20250913_105825-768x577.jpg 768w, https:\/\/tournez-court.fr\/wp-content\/uploads\/2025\/12\/IMG_20250913_105825-1536x1153.jpg 1536w, https:\/\/tournez-court.fr\/wp-content\/uploads\/2025\/12\/IMG_20250913_105825.jpg 1849w\" sizes=\"(max-width: 1024px) 100vw, 1024px\" \/><\/figure>\n\n\n\n<figure class=\"wp-block-image size-large\"><img loading=\"lazy\" decoding=\"async\" width=\"1024\" height=\"768\" data-id=\"531\" src=\"https:\/\/tournez-court.fr\/wp-content\/uploads\/2025\/12\/IMG-20250913-WA0004.jpg\" alt=\"\" class=\"wp-image-531\" srcset=\"https:\/\/tournez-court.fr\/wp-content\/uploads\/2025\/12\/IMG-20250913-WA0004.jpg 1024w, https:\/\/tournez-court.fr\/wp-content\/uploads\/2025\/12\/IMG-20250913-WA0004-300x225.jpg 300w, https:\/\/tournez-court.fr\/wp-content\/uploads\/2025\/12\/IMG-20250913-WA0004-768x576.jpg 768w\" sizes=\"(max-width: 1024px) 100vw, 1024px\" \/><\/figure>\n\n\n\n<figure class=\"wp-block-image size-large\"><img loading=\"lazy\" decoding=\"async\" width=\"769\" height=\"1024\" data-id=\"535\" src=\"https:\/\/tournez-court.fr\/wp-content\/uploads\/2025\/12\/IMG_20250912_201525-769x1024.jpg\" alt=\"\" class=\"wp-image-535\" srcset=\"https:\/\/tournez-court.fr\/wp-content\/uploads\/2025\/12\/IMG_20250912_201525-769x1024.jpg 769w, https:\/\/tournez-court.fr\/wp-content\/uploads\/2025\/12\/IMG_20250912_201525-225x300.jpg 225w, https:\/\/tournez-court.fr\/wp-content\/uploads\/2025\/12\/IMG_20250912_201525-768x1023.jpg 768w, https:\/\/tournez-court.fr\/wp-content\/uploads\/2025\/12\/IMG_20250912_201525-1153x1536.jpg 1153w, https:\/\/tournez-court.fr\/wp-content\/uploads\/2025\/12\/IMG_20250912_201525.jpg 1388w\" sizes=\"(max-width: 769px) 100vw, 769px\" \/><\/figure>\n<\/figure>\n","protected":false},"excerpt":{"rendered":"<p>Le festival est port\u00e9 et organis\u00e9 par l&rsquo;association \u00e9ponyme TOURNEZ COURT. L&rsquo;association a \u00e9t\u00e9 cr\u00e9\u00e9e en 2024 \u00e0 Talmont-Saint-Hilaire, ville du festival. Autour d\u2019Herv\u00e9, Thierry et Elie, fondateurs du projet, se retrouve aujourd&rsquo;hui une trentaine de b\u00e9n\u00e9voles motiv\u00e9 \u00e0 pr\u00e9parer la 3\u00e8me \u00e9dition pour septembre 2026. La cotisation \u00e0 l&rsquo;association est libre.Elle se fait en [&hellip;]<\/p>\n","protected":false},"author":1,"featured_media":0,"parent":0,"menu_order":0,"comment_status":"closed","ping_status":"closed","template":"","meta":{"footnotes":""},"class_list":["post-521","page","type-page","status-publish","hentry"],"yoast_head":"<!-- This site is optimized with the Yoast SEO plugin v27.4 - https:\/\/yoast.com\/product\/yoast-seo-wordpress\/ -->\n<title>L&#039;association - Festival Tournez-Court<\/title>\n<meta name=\"robots\" content=\"index, follow, max-snippet:-1, max-image-preview:large, max-video-preview:-1\" \/>\n<link rel=\"canonical\" href=\"https:\/\/tournez-court.fr\/index.php\/lassociation\/\" \/>\n<meta property=\"og:locale\" content=\"fr_FR\" \/>\n<meta property=\"og:type\" content=\"article\" \/>\n<meta property=\"og:title\" content=\"L&#039;association - Festival Tournez-Court\" \/>\n<meta property=\"og:description\" content=\"Le festival est port\u00e9 et organis\u00e9 par l&rsquo;association \u00e9ponyme TOURNEZ COURT. L&rsquo;association a \u00e9t\u00e9 cr\u00e9\u00e9e en 2024 \u00e0 Talmont-Saint-Hilaire, ville du festival. Autour d\u2019Herv\u00e9, Thierry et Elie, fondateurs du projet, se retrouve aujourd&rsquo;hui une trentaine de b\u00e9n\u00e9voles motiv\u00e9 \u00e0 pr\u00e9parer la 3\u00e8me \u00e9dition pour septembre 2026. La cotisation \u00e0 l&rsquo;association est libre.Elle se fait en [&hellip;]\" \/>\n<meta property=\"og:url\" content=\"https:\/\/tournez-court.fr\/index.php\/lassociation\/\" \/>\n<meta property=\"og:site_name\" content=\"Festival Tournez-Court\" \/>\n<meta property=\"article:publisher\" content=\"https:\/\/www.facebook.com\/festivaltournezcourt\" \/>\n<meta property=\"article:modified_time\" content=\"2025-12-01T21:17:15+00:00\" \/>\n<meta property=\"og:image\" content=\"https:\/\/tournez-court.fr\/wp-content\/uploads\/2025\/12\/IMG_3866.jpg\" \/>\n\t<meta property=\"og:image:width\" content=\"2048\" \/>\n\t<meta property=\"og:image:height\" content=\"740\" \/>\n\t<meta property=\"og:image:type\" content=\"image\/jpeg\" \/>\n<meta name=\"twitter:card\" content=\"summary_large_image\" \/>\n<meta name=\"twitter:label1\" content=\"Dur\u00e9e de lecture estim\u00e9e\" \/>\n\t<meta name=\"twitter:data1\" content=\"2 minutes\" \/>\n<script type=\"application\/ld+json\" class=\"yoast-schema-graph\">{\"@context\":\"https:\\\/\\\/schema.org\",\"@graph\":[{\"@type\":\"WebPage\",\"@id\":\"https:\\\/\\\/tournez-court.fr\\\/index.php\\\/lassociation\\\/\",\"url\":\"https:\\\/\\\/tournez-court.fr\\\/index.php\\\/lassociation\\\/\",\"name\":\"L'association - Festival Tournez-Court\",\"isPartOf\":{\"@id\":\"https:\\\/\\\/tournez-court.fr\\\/#website\"},\"primaryImageOfPage\":{\"@id\":\"https:\\\/\\\/tournez-court.fr\\\/index.php\\\/lassociation\\\/#primaryimage\"},\"image\":{\"@id\":\"https:\\\/\\\/tournez-court.fr\\\/index.php\\\/lassociation\\\/#primaryimage\"},\"thumbnailUrl\":\"https:\\\/\\\/tournez-court.fr\\\/wp-content\\\/uploads\\\/2025\\\/12\\\/IMG_3866-1024x370.jpg\",\"datePublished\":\"2025-12-01T19:31:14+00:00\",\"dateModified\":\"2025-12-01T21:17:15+00:00\",\"breadcrumb\":{\"@id\":\"https:\\\/\\\/tournez-court.fr\\\/index.php\\\/lassociation\\\/#breadcrumb\"},\"inLanguage\":\"fr-FR\",\"potentialAction\":[{\"@type\":\"ReadAction\",\"target\":[\"https:\\\/\\\/tournez-court.fr\\\/index.php\\\/lassociation\\\/\"]}]},{\"@type\":\"ImageObject\",\"inLanguage\":\"fr-FR\",\"@id\":\"https:\\\/\\\/tournez-court.fr\\\/index.php\\\/lassociation\\\/#primaryimage\",\"url\":\"https:\\\/\\\/tournez-court.fr\\\/wp-content\\\/uploads\\\/2025\\\/12\\\/IMG_3866.jpg\",\"contentUrl\":\"https:\\\/\\\/tournez-court.fr\\\/wp-content\\\/uploads\\\/2025\\\/12\\\/IMG_3866.jpg\",\"width\":2048,\"height\":740},{\"@type\":\"BreadcrumbList\",\"@id\":\"https:\\\/\\\/tournez-court.fr\\\/index.php\\\/lassociation\\\/#breadcrumb\",\"itemListElement\":[{\"@type\":\"ListItem\",\"position\":1,\"name\":\"Accueil\",\"item\":\"https:\\\/\\\/tournez-court.fr\\\/\"},{\"@type\":\"ListItem\",\"position\":2,\"name\":\"L&rsquo;association\"}]},{\"@type\":\"WebSite\",\"@id\":\"https:\\\/\\\/tournez-court.fr\\\/#website\",\"url\":\"https:\\\/\\\/tournez-court.fr\\\/\",\"name\":\"Festival Tournez-Court\",\"description\":\"Festival du court m\u00e9trage &amp; image exp\u00e9rimentale\",\"publisher\":{\"@id\":\"https:\\\/\\\/tournez-court.fr\\\/#organization\"},\"potentialAction\":[{\"@type\":\"SearchAction\",\"target\":{\"@type\":\"EntryPoint\",\"urlTemplate\":\"https:\\\/\\\/tournez-court.fr\\\/?s={search_term_string}\"},\"query-input\":{\"@type\":\"PropertyValueSpecification\",\"valueRequired\":true,\"valueName\":\"search_term_string\"}}],\"inLanguage\":\"fr-FR\"},{\"@type\":\"Organization\",\"@id\":\"https:\\\/\\\/tournez-court.fr\\\/#organization\",\"name\":\"Tournez-Court\",\"url\":\"https:\\\/\\\/tournez-court.fr\\\/\",\"logo\":{\"@type\":\"ImageObject\",\"inLanguage\":\"fr-FR\",\"@id\":\"https:\\\/\\\/tournez-court.fr\\\/#\\\/schema\\\/logo\\\/image\\\/\",\"url\":\"https:\\\/\\\/tournez-court.fr\\\/wp-content\\\/uploads\\\/2024\\\/09\\\/logo-site-02.jpg\",\"contentUrl\":\"https:\\\/\\\/tournez-court.fr\\\/wp-content\\\/uploads\\\/2024\\\/09\\\/logo-site-02.jpg\",\"width\":1876,\"height\":1876,\"caption\":\"Tournez-Court\"},\"image\":{\"@id\":\"https:\\\/\\\/tournez-court.fr\\\/#\\\/schema\\\/logo\\\/image\\\/\"},\"sameAs\":[\"https:\\\/\\\/www.facebook.com\\\/festivaltournezcourt\",\"https:\\\/\\\/www.instagram.com\\\/festivaltournezcourt\\\/\"]}]}<\/script>\n<!-- \/ Yoast SEO plugin. -->","yoast_head_json":{"title":"L'association - Festival Tournez-Court","robots":{"index":"index","follow":"follow","max-snippet":"max-snippet:-1","max-image-preview":"max-image-preview:large","max-video-preview":"max-video-preview:-1"},"canonical":"https:\/\/tournez-court.fr\/index.php\/lassociation\/","og_locale":"fr_FR","og_type":"article","og_title":"L'association - Festival Tournez-Court","og_description":"Le festival est port\u00e9 et organis\u00e9 par l&rsquo;association \u00e9ponyme TOURNEZ COURT. L&rsquo;association a \u00e9t\u00e9 cr\u00e9\u00e9e en 2024 \u00e0 Talmont-Saint-Hilaire, ville du festival. Autour d\u2019Herv\u00e9, Thierry et Elie, fondateurs du projet, se retrouve aujourd&rsquo;hui une trentaine de b\u00e9n\u00e9voles motiv\u00e9 \u00e0 pr\u00e9parer la 3\u00e8me \u00e9dition pour septembre 2026. La cotisation \u00e0 l&rsquo;association est libre.Elle se fait en [&hellip;]","og_url":"https:\/\/tournez-court.fr\/index.php\/lassociation\/","og_site_name":"Festival Tournez-Court","article_publisher":"https:\/\/www.facebook.com\/festivaltournezcourt","article_modified_time":"2025-12-01T21:17:15+00:00","og_image":[{"width":2048,"height":740,"url":"https:\/\/tournez-court.fr\/wp-content\/uploads\/2025\/12\/IMG_3866.jpg","type":"image\/jpeg"}],"twitter_card":"summary_large_image","twitter_misc":{"Dur\u00e9e de lecture estim\u00e9e":"2 minutes"},"schema":{"@context":"https:\/\/schema.org","@graph":[{"@type":"WebPage","@id":"https:\/\/tournez-court.fr\/index.php\/lassociation\/","url":"https:\/\/tournez-court.fr\/index.php\/lassociation\/","name":"L'association - Festival Tournez-Court","isPartOf":{"@id":"https:\/\/tournez-court.fr\/#website"},"primaryImageOfPage":{"@id":"https:\/\/tournez-court.fr\/index.php\/lassociation\/#primaryimage"},"image":{"@id":"https:\/\/tournez-court.fr\/index.php\/lassociation\/#primaryimage"},"thumbnailUrl":"https:\/\/tournez-court.fr\/wp-content\/uploads\/2025\/12\/IMG_3866-1024x370.jpg","datePublished":"2025-12-01T19:31:14+00:00","dateModified":"2025-12-01T21:17:15+00:00","breadcrumb":{"@id":"https:\/\/tournez-court.fr\/index.php\/lassociation\/#breadcrumb"},"inLanguage":"fr-FR","potentialAction":[{"@type":"ReadAction","target":["https:\/\/tournez-court.fr\/index.php\/lassociation\/"]}]},{"@type":"ImageObject","inLanguage":"fr-FR","@id":"https:\/\/tournez-court.fr\/index.php\/lassociation\/#primaryimage","url":"https:\/\/tournez-court.fr\/wp-content\/uploads\/2025\/12\/IMG_3866.jpg","contentUrl":"https:\/\/tournez-court.fr\/wp-content\/uploads\/2025\/12\/IMG_3866.jpg","width":2048,"height":740},{"@type":"BreadcrumbList","@id":"https:\/\/tournez-court.fr\/index.php\/lassociation\/#breadcrumb","itemListElement":[{"@type":"ListItem","position":1,"name":"Accueil","item":"https:\/\/tournez-court.fr\/"},{"@type":"ListItem","position":2,"name":"L&rsquo;association"}]},{"@type":"WebSite","@id":"https:\/\/tournez-court.fr\/#website","url":"https:\/\/tournez-court.fr\/","name":"Festival Tournez-Court","description":"Festival du court m\u00e9trage &amp; image exp\u00e9rimentale","publisher":{"@id":"https:\/\/tournez-court.fr\/#organization"},"potentialAction":[{"@type":"SearchAction","target":{"@type":"EntryPoint","urlTemplate":"https:\/\/tournez-court.fr\/?s={search_term_string}"},"query-input":{"@type":"PropertyValueSpecification","valueRequired":true,"valueName":"search_term_string"}}],"inLanguage":"fr-FR"},{"@type":"Organization","@id":"https:\/\/tournez-court.fr\/#organization","name":"Tournez-Court","url":"https:\/\/tournez-court.fr\/","logo":{"@type":"ImageObject","inLanguage":"fr-FR","@id":"https:\/\/tournez-court.fr\/#\/schema\/logo\/image\/","url":"https:\/\/tournez-court.fr\/wp-content\/uploads\/2024\/09\/logo-site-02.jpg","contentUrl":"https:\/\/tournez-court.fr\/wp-content\/uploads\/2024\/09\/logo-site-02.jpg","width":1876,"height":1876,"caption":"Tournez-Court"},"image":{"@id":"https:\/\/tournez-court.fr\/#\/schema\/logo\/image\/"},"sameAs":["https:\/\/www.facebook.com\/festivaltournezcourt","https:\/\/www.instagram.com\/festivaltournezcourt\/"]}]}},"_links":{"self":[{"href":"https:\/\/tournez-court.fr\/index.php\/wp-json\/wp\/v2\/pages\/521","targetHints":{"allow":["GET"]}}],"collection":[{"href":"https:\/\/tournez-court.fr\/index.php\/wp-json\/wp\/v2\/pages"}],"about":[{"href":"https:\/\/tournez-court.fr\/index.php\/wp-json\/wp\/v2\/types\/page"}],"author":[{"embeddable":true,"href":"https:\/\/tournez-court.fr\/index.php\/wp-json\/wp\/v2\/users\/1"}],"replies":[{"embeddable":true,"href":"https:\/\/tournez-court.fr\/index.php\/wp-json\/wp\/v2\/comments?post=521"}],"version-history":[{"count":5,"href":"https:\/\/tournez-court.fr\/index.php\/wp-json\/wp\/v2\/pages\/521\/revisions"}],"predecessor-version":[{"id":538,"href":"https:\/\/tournez-court.fr\/index.php\/wp-json\/wp\/v2\/pages\/521\/revisions\/538"}],"wp:attachment":[{"href":"https:\/\/tournez-court.fr\/index.php\/wp-json\/wp\/v2\/media?parent=521"}],"curies":[{"name":"wp","href":"https:\/\/api.w.org\/{rel}","templated":true}]}}